




{"id":1975,"date":"2022-05-10T15:55:11","date_gmt":"2022-05-10T15:55:11","guid":{"rendered":"https:\/\/pedagogia.fcep.urv.cat\/aulaidees\/?page_id=1975"},"modified":"2022-05-27T10:39:48","modified_gmt":"2022-05-27T10:39:48","slug":"noticies","status":"publish","type":"page","link":"https:\/\/pedagogia.fcep.urv.cat\/aulaidees\/index.php\/noticies\/","title":{"rendered":"Not\u00edcies"},"content":{"rendered":"\t\t<div data-elementor-type=\"wp-page\" data-elementor-id=\"1975\" class=\"elementor elementor-1975\">\n\t\t\t\t\t\t\t\t\t<section class=\"elementor-section elementor-top-section elementor-element elementor-element-452dd4f elementor-section-boxed elementor-section-height-default elementor-section-height-default\" data-id=\"452dd4f\" data-element_type=\"section\">\n\t\t\t\t\t\t<div class=\"elementor-container elementor-column-gap-default\">\n\t\t\t\t\t<div class=\"elementor-column elementor-col-50 elementor-top-column elementor-element elementor-element-71e38d8\" data-id=\"71e38d8\" data-element_type=\"column\">\n\t\t\t<div class=\"elementor-widget-wrap elementor-element-populated\">\n\t\t\t\t\t\t\t\t<div class=\"elementor-element elementor-element-5e9fc3e elementor-widget elementor-widget-image\" data-id=\"5e9fc3e\" data-element_type=\"widget\" data-widget_type=\"image.default\">\n\t\t\t\t<div class=\"elementor-widget-container\">\n\t\t\t<style>\/*! elementor - v3.6.7 - 03-07-2022 *\/\n.elementor-widget-image{text-align:center}.elementor-widget-image a{display:inline-block}.elementor-widget-image a img[src$=\".svg\"]{width:48px}.elementor-widget-image img{vertical-align:middle;display:inline-block}<\/style>\t\t\t\t\t\t\t\t\t\t\t\t\t<a href=\"https:\/\/www.ccma.cat\/tv3\/super3\/infok\/superaula-tecnologica\/video\/6138349\/\">\n\t\t\t\t\t\t\t<img decoding=\"async\" src=\"https:\/\/pedagogia.fcep.urv.cat\/aulaidees\/wp-content\/uploads\/elementor\/thumbs\/video-super3-play2-pozsfqasbcawq4951fa0uaaf00cx7aw83a4ht6ff12.png\" title=\"video-super3-play2\" alt=\"video-super3-play2\" \/>\t\t\t\t\t\t\t\t<\/a>\n\t\t\t\t\t\t\t\t\t\t\t\t\t\t\t<\/div>\n\t\t\t\t<\/div>\n\t\t\t\t\t<\/div>\n\t\t<\/div>\n\t\t\t\t<div class=\"elementor-column elementor-col-50 elementor-top-column elementor-element elementor-element-af6159e\" data-id=\"af6159e\" data-element_type=\"column\">\n\t\t\t<div class=\"elementor-widget-wrap elementor-element-populated\">\n\t\t\t\t\t\t\t\t<div class=\"elementor-element elementor-element-e69a162 elementor-widget elementor-widget-about_kidko\" data-id=\"e69a162\" data-element_type=\"widget\" data-widget_type=\"about_kidko.default\">\n\t\t\t\t<div class=\"elementor-widget-container\">\n\t\t\t \n\t\t\t\t\n\t\t\t\t<div class=\"about-widget footer-widget\">\n\t\t\t\t\t<h3 class=\"widget-title\">Infok Super3 TV3<\/h3>\n\t\t\t\t\t<div class=\"widget-content\">\n\t\t\t\t\t\t<div class=\"text\">\n\t\t\t\t\t\tSuperaula Tecnol\u00f2gica. Gener 2022.\t\t\t\t\t\t<\/div>\n\t\t\t\t\t<\/div>\n\t\t\t\t<\/div> \n\t\t\t\t\t\t<\/div>\n\t\t\t\t<\/div>\n\t\t\t\t\t<\/div>\n\t\t<\/div>\n\t\t\t\t\t\t\t<\/div>\n\t\t<\/section>\n\t\t\t\t<section class=\"elementor-section elementor-top-section elementor-element elementor-element-d5a9dd3 elementor-section-boxed elementor-section-height-default elementor-section-height-default\" data-id=\"d5a9dd3\" data-element_type=\"section\">\n\t\t\t\t\t\t<div class=\"elementor-container elementor-column-gap-default\">\n\t\t\t\t\t<div class=\"elementor-column elementor-col-50 elementor-top-column elementor-element elementor-element-2e68c87\" data-id=\"2e68c87\" data-element_type=\"column\" data-settings=\"{&quot;background_background&quot;:&quot;classic&quot;}\">\n\t\t\t<div class=\"elementor-widget-wrap elementor-element-populated\">\n\t\t\t\t\t\t\t\t<div class=\"elementor-element elementor-element-03dcfe8 elementor-widget elementor-widget-about_kidko\" data-id=\"03dcfe8\" data-element_type=\"widget\" data-widget_type=\"about_kidko.default\">\n\t\t\t\t<div class=\"elementor-widget-container\">\n\t\t\t \n\t\t\t\t\n\t\t\t\t<div class=\"about-widget footer-widget\">\n\t\t\t\t\t<h3 class=\"widget-title\">Not\u00edcies Comarques TV3\n<\/h3>\n\t\t\t\t\t<div class=\"widget-content\">\n\t\t\t\t\t\t<div class=\"text\">\n\t\t\t\t\t\tLa URV estrena una aula d'innovaci\u00f3 pedag\u00f2gica a Tortosa per formar els futurs mestres.\n\t\t\t\t\t\t<\/div>\n\t\t\t\t\t<\/div>\n\t\t\t\t<\/div> \n\t\t\t\t\t\t<\/div>\n\t\t\t\t<\/div>\n\t\t\t\t\t<\/div>\n\t\t<\/div>\n\t\t\t\t<div class=\"elementor-column elementor-col-50 elementor-top-column elementor-element elementor-element-f792d8c\" data-id=\"f792d8c\" data-element_type=\"column\" data-settings=\"{&quot;background_background&quot;:&quot;classic&quot;}\">\n\t\t\t<div class=\"elementor-widget-wrap elementor-element-populated\">\n\t\t\t\t\t\t\t\t<div class=\"elementor-element elementor-element-fd9397a elementor-widget elementor-widget-image\" data-id=\"fd9397a\" data-element_type=\"widget\" data-widget_type=\"image.default\">\n\t\t\t\t<div class=\"elementor-widget-container\">\n\t\t\t\t\t\t\t\t\t\t\t\t\t\t\t\t<a href=\"https:\/\/www.ccma.cat\/tv3\/alacarta\/telenoticies-comarques\/la-urv-estrena-una-aula-dinnovacio-pedagogica-a-tortosa-per-formar-els-futurs-mestres\/video\/6135830\/?ext=SMA_WP_F4_CE24_\">\n\t\t\t\t\t\t\t<img decoding=\"async\" src=\"https:\/\/pedagogia.fcep.urv.cat\/aulaidees\/wp-content\/uploads\/elementor\/thumbs\/video-tv3-play-1-e1652870646612-pozs062z62zmt08m3q7fg1ul3hhy0jw3y0tr86j0vs.png\" title=\"video-tv3-play-1\" alt=\"video-tv3-play-1\" \/>\t\t\t\t\t\t\t\t<\/a>\n\t\t\t\t\t\t\t\t\t\t\t\t\t\t\t<\/div>\n\t\t\t\t<\/div>\n\t\t\t\t\t<\/div>\n\t\t<\/div>\n\t\t\t\t\t\t\t<\/div>\n\t\t<\/section>\n\t\t\t\t<section class=\"elementor-section elementor-top-section elementor-element elementor-element-4853804 elementor-section-boxed elementor-section-height-default elementor-section-height-default\" data-id=\"4853804\" data-element_type=\"section\">\n\t\t\t\t\t\t<div class=\"elementor-container elementor-column-gap-default\">\n\t\t\t\t\t<div class=\"elementor-column elementor-col-50 elementor-top-column elementor-element elementor-element-4947e95\" data-id=\"4947e95\" data-element_type=\"column\">\n\t\t\t<div class=\"elementor-widget-wrap elementor-element-populated\">\n\t\t\t\t\t\t\t\t<div class=\"elementor-element elementor-element-66d8065 elementor-aspect-ratio-169 elementor-widget elementor-widget-video\" data-id=\"66d8065\" data-element_type=\"widget\" data-settings=\"{&quot;video_type&quot;:&quot;vimeo&quot;,&quot;aspect_ratio&quot;:&quot;169&quot;}\" data-widget_type=\"video.default\">\n\t\t\t\t<div class=\"elementor-widget-container\">\n\t\t\t<style>\/*! elementor - v3.6.7 - 03-07-2022 *\/\n.elementor-widget-video .elementor-widget-container{overflow:hidden;-webkit-transform:translateZ(0);transform:translateZ(0)}.elementor-widget-video .elementor-open-inline .elementor-custom-embed-image-overlay{position:absolute;top:0;left:0;width:100%;height:100%;background-size:cover;background-position:50%}.elementor-widget-video .elementor-custom-embed-image-overlay{cursor:pointer;text-align:center}.elementor-widget-video .elementor-custom-embed-image-overlay:hover .elementor-custom-embed-play i{opacity:1}.elementor-widget-video .elementor-custom-embed-image-overlay img{display:block;width:100%}.elementor-widget-video .e-hosted-video .elementor-video{-o-object-fit:cover;object-fit:cover}<\/style>\t\t<div class=\"elementor-wrapper elementor-fit-aspect-ratio elementor-open-inline\">\n\t\t\t<iframe class=\"elementor-video-iframe\" allowfullscreen title=\"youtube Video Player\" src=\"https:\/\/www.youtube.com\/embed\/CII2L6wsQIU?feature=oembed&amp;color&amp;autopause=0&amp;loop=0&amp;muted=0&amp;title=1&amp;portrait=1&amp;byline=1\"><\/iframe>\t\t<\/div>\n\t\t\t\t<\/div>\n\t\t\t\t<\/div>\n\t\t\t\t\t<\/div>\n\t\t<\/div>\n\t\t\t\t<div class=\"elementor-column elementor-col-50 elementor-top-column elementor-element elementor-element-6bcaf91\" data-id=\"6bcaf91\" data-element_type=\"column\">\n\t\t\t<div class=\"elementor-widget-wrap elementor-element-populated\">\n\t\t\t\t\t\t\t\t<div class=\"elementor-element elementor-element-414596a elementor-widget elementor-widget-about_kidko\" data-id=\"414596a\" data-element_type=\"widget\" data-widget_type=\"about_kidko.default\">\n\t\t\t\t<div class=\"elementor-widget-container\">\n\t\t\t \n\t\t\t\t\n\t\t\t\t<div class=\"about-widget footer-widget\">\n\t\t\t\t\t<h3 class=\"widget-title\">Canal 21 Terres de l'Ebre\n<\/h3>\n\t\t\t\t\t<div class=\"widget-content\">\n\t\t\t\t\t\t<div class=\"text\">\n\t\t\t\t\t\t#10COMARQUES: Inauguraci\u00f3 de l'Aula Idees del Campus Terres de l'Ebre URV. Desembre 2021.\n\t\t\t\t\t\t<\/div>\n\t\t\t\t\t<\/div>\n\t\t\t\t<\/div> \n\t\t\t\t\t\t<\/div>\n\t\t\t\t<\/div>\n\t\t\t\t\t<\/div>\n\t\t<\/div>\n\t\t\t\t\t\t\t<\/div>\n\t\t<\/section>\n\t\t\t\t<section class=\"elementor-section elementor-top-section elementor-element elementor-element-8fe8878 elementor-section-boxed elementor-section-height-default elementor-section-height-default\" data-id=\"8fe8878\" data-element_type=\"section\">\n\t\t\t\t\t\t<div class=\"elementor-container elementor-column-gap-default\">\n\t\t\t\t\t<div class=\"elementor-column elementor-col-50 elementor-top-column elementor-element elementor-element-2997af2\" data-id=\"2997af2\" data-element_type=\"column\" data-settings=\"{&quot;background_background&quot;:&quot;classic&quot;}\">\n\t\t\t<div class=\"elementor-widget-wrap elementor-element-populated\">\n\t\t\t\t\t\t\t\t<div class=\"elementor-element elementor-element-4b457c5 elementor-widget elementor-widget-about_kidko\" data-id=\"4b457c5\" data-element_type=\"widget\" data-widget_type=\"about_kidko.default\">\n\t\t\t\t<div class=\"elementor-widget-container\">\n\t\t\t \n\t\t\t\t\n\t\t\t\t<div class=\"about-widget footer-widget\">\n\t\t\t\t\t<h3 class=\"widget-title\">Canal Terres de l'Ebre<\/h3>\n\t\t\t\t\t<div class=\"widget-content\">\n\t\t\t\t\t\t<div class=\"text\">\n\t\t\t\t\t\tEl Campus Terres de l\u2019Ebre posa en marxa una Aula d\u2019Innovaci\u00f3 Pedag\u00f2gica i Tecnol\u00f2gica. Agost 2020.\t\t\t\t\t\t<\/div>\n\t\t\t\t\t<\/div>\n\t\t\t\t<\/div> \n\t\t\t\t\t\t<\/div>\n\t\t\t\t<\/div>\n\t\t\t\t\t<\/div>\n\t\t<\/div>\n\t\t\t\t<div class=\"elementor-column elementor-col-50 elementor-top-column elementor-element elementor-element-64426ab\" data-id=\"64426ab\" data-element_type=\"column\" data-settings=\"{&quot;background_background&quot;:&quot;classic&quot;}\">\n\t\t\t<div class=\"elementor-widget-wrap elementor-element-populated\">\n\t\t\t\t\t\t\t\t<div class=\"elementor-element elementor-element-257d136 elementor-aspect-ratio-169 elementor-widget elementor-widget-video\" data-id=\"257d136\" data-element_type=\"widget\" data-settings=\"{&quot;youtube_url&quot;:&quot;https:\\\/\\\/www.youtube.com\\\/watch?v=AhGRAdRRYMo&amp;t=19s&quot;,&quot;video_type&quot;:&quot;youtube&quot;,&quot;controls&quot;:&quot;yes&quot;,&quot;aspect_ratio&quot;:&quot;169&quot;}\" data-widget_type=\"video.default\">\n\t\t\t\t<div class=\"elementor-widget-container\">\n\t\t\t\t\t<div class=\"elementor-wrapper elementor-fit-aspect-ratio elementor-open-inline\">\n\t\t\t<div class=\"elementor-video\"><\/div>\t\t<\/div>\n\t\t\t\t<\/div>\n\t\t\t\t<\/div>\n\t\t\t\t\t<\/div>\n\t\t<\/div>\n\t\t\t\t\t\t\t<\/div>\n\t\t<\/section>\n\t\t\t\t\t\t\t<\/div>\n\t\t","protected":false},"excerpt":{"rendered":"<p>Infok Super3 TV3 Superaula Tecnol\u00f2gica. Gener 2022. Not\u00edcies Comarques [&hellip;]<\/p>\n","protected":false},"author":2,"featured_media":1594,"parent":0,"menu_order":0,"comment_status":"closed","ping_status":"closed","template":"","meta":{"footnotes":""},"class_list":["post-1975","page","type-page","status-publish","has-post-thumbnail","hentry"],"yoast_head":"<!-- This site is optimized with the Yoast SEO plugin v19.3 - https:\/\/yoast.com\/wordpress\/plugins\/seo\/ -->\n<title>Not\u00edcies - aulaidees<\/title>\n<meta name=\"description\" content=\"Infok Super3 TV3 Superaula Tecnol\u00f2gica. Gener 2022. Not\u00edcies Comarques TV3 La URV estrena una aula d&#039;innovaci\u00f3 pedag\u00f2gica a Tortosa per formar els futurs\" \/>\n<meta name=\"robots\" content=\"index, follow, max-snippet:-1, max-image-preview:large, max-video-preview:-1\" \/>\n<link rel=\"canonical\" href=\"https:\/\/pedagogia.fcep.urv.cat\/aulaidees\/index.php\/noticies\/\" \/>\n<meta property=\"og:locale\" content=\"en_US\" \/>\n<meta property=\"og:type\" content=\"article\" \/>\n<meta property=\"og:title\" content=\"Not\u00edcies - aulaidees\" \/>\n<meta property=\"og:description\" content=\"Infok Super3 TV3 Superaula Tecnol\u00f2gica. Gener 2022. Not\u00edcies Comarques TV3 La URV estrena una aula d&#039;innovaci\u00f3 pedag\u00f2gica a Tortosa per formar els futurs\" \/>\n<meta property=\"og:url\" content=\"https:\/\/pedagogia.fcep.urv.cat\/aulaidees\/index.php\/noticies\/\" \/>\n<meta property=\"og:site_name\" content=\"aulaidees\" \/>\n<meta property=\"article:modified_time\" content=\"2022-05-27T10:39:48+00:00\" \/>\n<meta property=\"og:image\" content=\"https:\/\/pedagogia.fcep.urv.cat\/aulaidees\/wp-content\/uploads\/2022\/03\/IMG_6376-scaled-e1647360263395.jpg\" \/>\n\t<meta property=\"og:image:width\" content=\"2502\" \/>\n\t<meta property=\"og:image:height\" content=\"883\" \/>\n\t<meta property=\"og:image:type\" content=\"image\/jpeg\" \/>\n<meta name=\"twitter:card\" content=\"summary_large_image\" \/>\n<script type=\"application\/ld+json\" class=\"yoast-schema-graph\">{\"@context\":\"https:\/\/schema.org\",\"@graph\":[{\"@type\":\"Organization\",\"@id\":\"https:\/\/pedagogia.fcep.urv.cat\/aulaidees\/#organization\",\"name\":\"Universitat Rovira i Virgili\",\"url\":\"https:\/\/pedagogia.fcep.urv.cat\/aulaidees\/\",\"sameAs\":[],\"logo\":{\"@type\":\"ImageObject\",\"inLanguage\":\"en-US\",\"@id\":\"https:\/\/pedagogia.fcep.urv.cat\/aulaidees\/#\/schema\/logo\/image\/\",\"url\":\"https:\/\/pedagogia.fcep.urv.cat\/aulaidees\/wp-content\/uploads\/2022\/03\/512-WEB-Grow-Ideas-Bombillas-opcion-color.png\",\"contentUrl\":\"https:\/\/pedagogia.fcep.urv.cat\/aulaidees\/wp-content\/uploads\/2022\/03\/512-WEB-Grow-Ideas-Bombillas-opcion-color.png\",\"width\":512,\"height\":512,\"caption\":\"Universitat Rovira i Virgili\"},\"image\":{\"@id\":\"https:\/\/pedagogia.fcep.urv.cat\/aulaidees\/#\/schema\/logo\/image\/\"}},{\"@type\":\"WebSite\",\"@id\":\"https:\/\/pedagogia.fcep.urv.cat\/aulaidees\/#website\",\"url\":\"https:\/\/pedagogia.fcep.urv.cat\/aulaidees\/\",\"name\":\"aulaidees\",\"description\":\"Reinvent the classroom\",\"publisher\":{\"@id\":\"https:\/\/pedagogia.fcep.urv.cat\/aulaidees\/#organization\"},\"potentialAction\":[{\"@type\":\"SearchAction\",\"target\":{\"@type\":\"EntryPoint\",\"urlTemplate\":\"https:\/\/pedagogia.fcep.urv.cat\/aulaidees\/?s={search_term_string}\"},\"query-input\":\"required name=search_term_string\"}],\"inLanguage\":\"en-US\"},{\"@type\":\"ImageObject\",\"inLanguage\":\"en-US\",\"@id\":\"https:\/\/pedagogia.fcep.urv.cat\/aulaidees\/index.php\/noticies\/#primaryimage\",\"url\":\"https:\/\/pedagogia.fcep.urv.cat\/aulaidees\/wp-content\/uploads\/2022\/03\/IMG_6376-scaled-e1647360263395.jpg\",\"contentUrl\":\"https:\/\/pedagogia.fcep.urv.cat\/aulaidees\/wp-content\/uploads\/2022\/03\/IMG_6376-scaled-e1647360263395.jpg\",\"width\":2502,\"height\":883},{\"@type\":\"WebPage\",\"@id\":\"https:\/\/pedagogia.fcep.urv.cat\/aulaidees\/index.php\/noticies\/\",\"url\":\"https:\/\/pedagogia.fcep.urv.cat\/aulaidees\/index.php\/noticies\/\",\"name\":\"Not\u00edcies - aulaidees\",\"isPartOf\":{\"@id\":\"https:\/\/pedagogia.fcep.urv.cat\/aulaidees\/#website\"},\"primaryImageOfPage\":{\"@id\":\"https:\/\/pedagogia.fcep.urv.cat\/aulaidees\/index.php\/noticies\/#primaryimage\"},\"datePublished\":\"2022-05-10T15:55:11+00:00\",\"dateModified\":\"2022-05-27T10:39:48+00:00\",\"description\":\"Infok Super3 TV3 Superaula Tecnol\u00f2gica. Gener 2022. Not\u00edcies Comarques TV3 La URV estrena una aula d'innovaci\u00f3 pedag\u00f2gica a Tortosa per formar els futurs\",\"breadcrumb\":{\"@id\":\"https:\/\/pedagogia.fcep.urv.cat\/aulaidees\/index.php\/noticies\/#breadcrumb\"},\"inLanguage\":\"en-US\",\"potentialAction\":[{\"@type\":\"ReadAction\",\"target\":[\"https:\/\/pedagogia.fcep.urv.cat\/aulaidees\/index.php\/noticies\/\"]}]},{\"@type\":\"BreadcrumbList\",\"@id\":\"https:\/\/pedagogia.fcep.urv.cat\/aulaidees\/index.php\/noticies\/#breadcrumb\",\"itemListElement\":[{\"@type\":\"ListItem\",\"position\":1,\"name\":\"Home\",\"item\":\"https:\/\/pedagogia.fcep.urv.cat\/aulaidees\/\"},{\"@type\":\"ListItem\",\"position\":2,\"name\":\"Not\u00edcies\"}]}]}<\/script>\n<!-- \/ Yoast SEO plugin. -->","yoast_head_json":{"title":"Not\u00edcies - aulaidees","description":"Infok Super3 TV3 Superaula Tecnol\u00f2gica. Gener 2022. Not\u00edcies Comarques TV3 La URV estrena una aula d'innovaci\u00f3 pedag\u00f2gica a Tortosa per formar els futurs","robots":{"index":"index","follow":"follow","max-snippet":"max-snippet:-1","max-image-preview":"max-image-preview:large","max-video-preview":"max-video-preview:-1"},"canonical":"https:\/\/pedagogia.fcep.urv.cat\/aulaidees\/index.php\/noticies\/","og_locale":"en_US","og_type":"article","og_title":"Not\u00edcies - aulaidees","og_description":"Infok Super3 TV3 Superaula Tecnol\u00f2gica. Gener 2022. Not\u00edcies Comarques TV3 La URV estrena una aula d'innovaci\u00f3 pedag\u00f2gica a Tortosa per formar els futurs","og_url":"https:\/\/pedagogia.fcep.urv.cat\/aulaidees\/index.php\/noticies\/","og_site_name":"aulaidees","article_modified_time":"2022-05-27T10:39:48+00:00","og_image":[{"width":2502,"height":883,"url":"https:\/\/pedagogia.fcep.urv.cat\/aulaidees\/wp-content\/uploads\/2022\/03\/IMG_6376-scaled-e1647360263395.jpg","type":"image\/jpeg"}],"twitter_card":"summary_large_image","schema":{"@context":"https:\/\/schema.org","@graph":[{"@type":"Organization","@id":"https:\/\/pedagogia.fcep.urv.cat\/aulaidees\/#organization","name":"Universitat Rovira i Virgili","url":"https:\/\/pedagogia.fcep.urv.cat\/aulaidees\/","sameAs":[],"logo":{"@type":"ImageObject","inLanguage":"en-US","@id":"https:\/\/pedagogia.fcep.urv.cat\/aulaidees\/#\/schema\/logo\/image\/","url":"https:\/\/pedagogia.fcep.urv.cat\/aulaidees\/wp-content\/uploads\/2022\/03\/512-WEB-Grow-Ideas-Bombillas-opcion-color.png","contentUrl":"https:\/\/pedagogia.fcep.urv.cat\/aulaidees\/wp-content\/uploads\/2022\/03\/512-WEB-Grow-Ideas-Bombillas-opcion-color.png","width":512,"height":512,"caption":"Universitat Rovira i Virgili"},"image":{"@id":"https:\/\/pedagogia.fcep.urv.cat\/aulaidees\/#\/schema\/logo\/image\/"}},{"@type":"WebSite","@id":"https:\/\/pedagogia.fcep.urv.cat\/aulaidees\/#website","url":"https:\/\/pedagogia.fcep.urv.cat\/aulaidees\/","name":"aulaidees","description":"Reinvent the classroom","publisher":{"@id":"https:\/\/pedagogia.fcep.urv.cat\/aulaidees\/#organization"},"potentialAction":[{"@type":"SearchAction","target":{"@type":"EntryPoint","urlTemplate":"https:\/\/pedagogia.fcep.urv.cat\/aulaidees\/?s={search_term_string}"},"query-input":"required name=search_term_string"}],"inLanguage":"en-US"},{"@type":"ImageObject","inLanguage":"en-US","@id":"https:\/\/pedagogia.fcep.urv.cat\/aulaidees\/index.php\/noticies\/#primaryimage","url":"https:\/\/pedagogia.fcep.urv.cat\/aulaidees\/wp-content\/uploads\/2022\/03\/IMG_6376-scaled-e1647360263395.jpg","contentUrl":"https:\/\/pedagogia.fcep.urv.cat\/aulaidees\/wp-content\/uploads\/2022\/03\/IMG_6376-scaled-e1647360263395.jpg","width":2502,"height":883},{"@type":"WebPage","@id":"https:\/\/pedagogia.fcep.urv.cat\/aulaidees\/index.php\/noticies\/","url":"https:\/\/pedagogia.fcep.urv.cat\/aulaidees\/index.php\/noticies\/","name":"Not\u00edcies - aulaidees","isPartOf":{"@id":"https:\/\/pedagogia.fcep.urv.cat\/aulaidees\/#website"},"primaryImageOfPage":{"@id":"https:\/\/pedagogia.fcep.urv.cat\/aulaidees\/index.php\/noticies\/#primaryimage"},"datePublished":"2022-05-10T15:55:11+00:00","dateModified":"2022-05-27T10:39:48+00:00","description":"Infok Super3 TV3 Superaula Tecnol\u00f2gica. Gener 2022. Not\u00edcies Comarques TV3 La URV estrena una aula d'innovaci\u00f3 pedag\u00f2gica a Tortosa per formar els futurs","breadcrumb":{"@id":"https:\/\/pedagogia.fcep.urv.cat\/aulaidees\/index.php\/noticies\/#breadcrumb"},"inLanguage":"en-US","potentialAction":[{"@type":"ReadAction","target":["https:\/\/pedagogia.fcep.urv.cat\/aulaidees\/index.php\/noticies\/"]}]},{"@type":"BreadcrumbList","@id":"https:\/\/pedagogia.fcep.urv.cat\/aulaidees\/index.php\/noticies\/#breadcrumb","itemListElement":[{"@type":"ListItem","position":1,"name":"Home","item":"https:\/\/pedagogia.fcep.urv.cat\/aulaidees\/"},{"@type":"ListItem","position":2,"name":"Not\u00edcies"}]}]}},"_links":{"self":[{"href":"https:\/\/pedagogia.fcep.urv.cat\/aulaidees\/index.php\/wp-json\/wp\/v2\/pages\/1975","targetHints":{"allow":["GET"]}}],"collection":[{"href":"https:\/\/pedagogia.fcep.urv.cat\/aulaidees\/index.php\/wp-json\/wp\/v2\/pages"}],"about":[{"href":"https:\/\/pedagogia.fcep.urv.cat\/aulaidees\/index.php\/wp-json\/wp\/v2\/types\/page"}],"author":[{"embeddable":true,"href":"https:\/\/pedagogia.fcep.urv.cat\/aulaidees\/index.php\/wp-json\/wp\/v2\/users\/2"}],"replies":[{"embeddable":true,"href":"https:\/\/pedagogia.fcep.urv.cat\/aulaidees\/index.php\/wp-json\/wp\/v2\/comments?post=1975"}],"version-history":[{"count":28,"href":"https:\/\/pedagogia.fcep.urv.cat\/aulaidees\/index.php\/wp-json\/wp\/v2\/pages\/1975\/revisions"}],"predecessor-version":[{"id":2025,"href":"https:\/\/pedagogia.fcep.urv.cat\/aulaidees\/index.php\/wp-json\/wp\/v2\/pages\/1975\/revisions\/2025"}],"wp:featuredmedia":[{"embeddable":true,"href":"https:\/\/pedagogia.fcep.urv.cat\/aulaidees\/index.php\/wp-json\/wp\/v2\/media\/1594"}],"wp:attachment":[{"href":"https:\/\/pedagogia.fcep.urv.cat\/aulaidees\/index.php\/wp-json\/wp\/v2\/media?parent=1975"}],"curies":[{"name":"wp","href":"https:\/\/api.w.org\/{rel}","templated":true}]}}