




{"id":8,"date":"2020-04-20T20:12:04","date_gmt":"2020-04-20T20:12:04","guid":{"rendered":"https:\/\/pedagogia.fcep.urv.cat\/aulaidees?page_id=8"},"modified":"2023-01-31T16:18:59","modified_gmt":"2023-01-31T16:18:59","slug":"home","status":"publish","type":"page","link":"https:\/\/pedagogia.fcep.urv.cat\/aulaidees\/","title":{"rendered":"Inici"},"content":{"rendered":"\t\t<div data-elementor-type=\"wp-page\" data-elementor-id=\"8\" class=\"elementor elementor-8\">\n\t\t\t\t\t\t\t\t\t<section class=\"elementor-section elementor-top-section elementor-element elementor-element-fa0242f elementor-section-stretched elementor-section-full_width elementor-section-height-default elementor-section-height-default\" data-id=\"fa0242f\" data-element_type=\"section\" data-settings=\"{&quot;stretch_section&quot;:&quot;section-stretched&quot;}\">\n\t\t\t\t\t\t<div class=\"elementor-container elementor-column-gap-default\">\n\t\t\t\t\t<div class=\"elementor-column elementor-col-100 elementor-top-column elementor-element elementor-element-0916d84\" data-id=\"0916d84\" data-element_type=\"column\">\n\t\t\t<div class=\"elementor-widget-wrap elementor-element-populated\">\n\t\t\t\t\t\t\t\t<div class=\"elementor-element elementor-element-8beb7cf elementor-widget elementor-widget-slider_one\" data-id=\"8beb7cf\" data-element_type=\"widget\" data-widget_type=\"slider_one.default\">\n\t\t\t\t<div class=\"elementor-widget-container\">\n\t\t\t \n\t\t<section class=\"main-slider style-one\">\n\t\t\t<div class=\"main-slider-carousel owl-carousel owl-theme nav-style-one\" data-owl='{\"loop\":\"true\",\"autoplay\":\"true\",\"autoplay_speed\":\"8000\",\"arrows\":\"true\"}'>\n\t\t\t\t\t\t\t\t\t\t<div class=\"slide\" style=\"background-image:url('https:\/\/pedagogia.fcep.urv.cat\/aulaidees\/wp-content\/uploads\/2022\/03\/nens-virtual-filtre-e1646561372548.png')\">\n\t\t\t\t\n\t\t\t\t<div class=\"container\">\n\t\t\t\t\t<div class=\"content-box\">\n\t\t\t\t\t\t<h3>Us donem la benvinguda a<\/h3>\n\t\t\t\t\t\t<h1 class=\"slider_one\">L 'Aula idees <\/br>Reinvent the Classroom<\/h1>\n\t\t\t\t\t\t<div class=\"text\">Campus Terres de l'Ebre<\/br>\nUniversitat Rovira i Virgili<\/div>\n\t\t\t\t\t\t<div class=\"btn-box\"><a href=\"https:\/\/pedagogia.fcep.urv.cat\/aulaidees\/index.php\/sobre-laula-idees\/\" class=\"theme-btn\">saber m\u00e9s<\/a><\/div>\n\t\t\t\t\t<\/div>\n\t\t\t\t<\/div>\n\t\t\t\t<\/div> \t\t\t\t\t<div class=\"slide\" style=\"background-image:url('https:\/\/pedagogia.fcep.urv.cat\/aulaidees\/wp-content\/uploads\/2022\/03\/aula-idees2.png')\">\n\t\t\t\t\n\t\t\t\t<div class=\"container\">\n\t\t\t\t\t<div class=\"content-box\">\n\t\t\t\t\t\t<h3>Projecte RTC<\/h3>\n\t\t\t\t\t\t<h1 class=\"slider_one\">Aula interactiva de tecnologia d'aprenentatge i el coneixement (TAC)<\/h1>\n\t\t\t\t\t\t<div class=\"text\"><\/div>\n\t\t\t\t\t\t<div class=\"btn-box\"><a href=\"https:\/\/pedagogia.fcep.urv.cat\/aulaidees\/index.php\/sobre-laula-idees\/\" class=\"theme-btn\">Saber m\u00e9s<\/a><\/div>\n\t\t\t\t\t<\/div>\n\t\t\t\t<\/div>\n\t\t\t\t<\/div> \t\t\t\t\t<div class=\"slide\" style=\"background-image:url('https:\/\/pedagogia.fcep.urv.cat\/aulaidees\/wp-content\/uploads\/2020\/09\/slider-3-1.png')\">\n\t\t\t\t\n\t\t\t\t<div class=\"container\">\n\t\t\t\t\t<div class=\"content-box\">\n\t\t\t\t\t\t<h3>aula idees<\/h3>\n\t\t\t\t\t\t<h1 class=\"slider_one\">Entorn d'aprenentatge innovador a les Terres de l'Ebre<\/h1>\n\t\t\t\t\t\t<div class=\"text\"><\/div>\n\t\t\t\t\t\t<div class=\"btn-box\"><a href=\"https:\/\/pedagogia.fcep.urv.cat\/aulaidees\/index.php\/sobre-laula-idees\/\" class=\"theme-btn\">Saber M\u00e9s<\/a><\/div>\n\t\t\t\t\t<\/div>\n\t\t\t\t<\/div>\n\t\t\t\t<\/div> \t\t\t\t\t<div class=\"slide\" style=\"background-image:url('https:\/\/pedagogia.fcep.urv.cat\/aulaidees\/wp-content\/uploads\/2022\/05\/hp-ulleres.png')\">\n\t\t\t\t\n\t\t\t\t<div class=\"container\">\n\t\t\t\t\t<div class=\"content-box\">\n\t\t\t\t\t\t<h3>Reinvent the classroom<\/h3>\n\t\t\t\t\t\t<h1 class=\"slider_one\">Aula amb tecnologia integrada per donar resposta a les diferents activitats d'aprenentatge<\/h1>\n\t\t\t\t\t\t<div class=\"text\"><\/div>\n\t\t\t\t\t\t<div class=\"btn-box\"><a href=\"https:\/\/pedagogia.fcep.urv.cat\/aulaidees\/index.php\/sobre-laula-idees\/\" class=\"theme-btn\">Saber m\u00e9s<\/a><\/div>\n\t\t\t\t\t<\/div>\n\t\t\t\t<\/div>\n\t\t\t\t<\/div>  \n\t\t\t<\/div>\n\t\t<\/section> \n\t\t\t\t<\/div>\n\t\t\t\t<\/div>\n\t\t\t\t\t<\/div>\n\t\t<\/div>\n\t\t\t\t\t\t\t<\/div>\n\t\t<\/section>\n\t\t\t\t<section class=\"elementor-section elementor-top-section elementor-element elementor-element-ca53ff6 elementor-section-stretched elementor-section-full_width elementor-section-height-default elementor-section-height-default\" data-id=\"ca53ff6\" data-element_type=\"section\" data-settings=\"{&quot;stretch_section&quot;:&quot;section-stretched&quot;}\">\n\t\t\t\t\t\t<div class=\"elementor-container elementor-column-gap-default\">\n\t\t\t\t\t<div class=\"elementor-column elementor-col-100 elementor-top-column elementor-element elementor-element-995b7ae\" data-id=\"995b7ae\" data-element_type=\"column\">\n\t\t\t<div class=\"elementor-widget-wrap elementor-element-populated\">\n\t\t\t\t\t\t\t\t<div class=\"elementor-element elementor-element-9387ab8 elementor-widget elementor-widget-about_us_one\" data-id=\"9387ab8\" data-element_type=\"widget\" data-widget_type=\"about_us_one.default\">\n\t\t\t\t<div class=\"elementor-widget-container\">\n\t\t\t <section class=\"about-section\">\n\t\t\t\t\t\t<div class=\"anim-icon\">\n\t\t\t\t\t<div class=\"icon icon-1 float-bob-x\"><\/div>\n\t\t\t\t\t<div class=\"icon icon-2 wow zoomIn\" data-wow-delay=\"00ms\" data-wow-duration=\"1500ms\"><\/div>\n\t\t\t\t\t<div class=\"icon icon-3\"><\/div>\n\t\t\t\t<\/div>\n\t\t\t\t\t<div class=\"container\">\n\t\t\t\t<div class=\"row\">\n\t\t\t\t\t<div class=\"col-lg-6 col-md-12 col-sm-12 image-column\">\n\t\t\t\t\t\t<div class=\"image-box wow fadeInLeft\" data-wow-delay=\"0ms\" data-wow-duration=\"1500ms\">\n\t\t\t\t\t\t\t<figure class=\"image image-1\"><img decoding=\"async\" src=\"https:\/\/pedagogia.fcep.urv.cat\/aulaidees\/wp-content\/uploads\/2022\/03\/nens-virtual-e1646563472286.png\" alt=\"\"><\/figure>\n\t\t\t\t\t\t\t<figure class=\"image image-2\"><img decoding=\"async\" src=\"https:\/\/pedagogia.fcep.urv.cat\/aulaidees\/wp-content\/uploads\/2022\/03\/aula-idees-portatils.png\" alt=\"\"><\/figure>\n\t\t\t\t\t\t<\/div>\n\t\t\t\t\t<\/div>\n\t\t\t\t\t<div class=\"col-lg-6 col-md-12 col-sm-12 content-column\">\n\t\t\t\t\t\t<div class=\"content-box\">\n\t\t\t\t\t\t\t<div class=\"sec-title style-two\">\n\t\t\t\t\t\t\t\t<h5>Coneix l'aula idees\n<\/h5>\n\t\t\t\t\t\t\t\t<h1 class=\"about_us\">Projecte Reinvent the Classroom\n<\/h1>\n\t\t\t\t\t\t\t<\/div>\n\t\t\t\t\t\t\t<div class=\"bold-text\">Els processos d\u2019ensenyament i aprenentatge en el m\u00f3n de l\u2019educaci\u00f3 requereixen propostes did\u00e0ctiques i metodol\u00f2giques adaptades a la societat actual.\n<\/div>\n\t\t\t\t\t\t\t<div class=\"text\">\n\t\t\t\t\t\t\t\t<p>L\u2019Aula Idees esdev\u00e9 un espai on la tecnologia est\u00e0 integrada per donar resposta a les diferents activitats d\u2019aprenentatge i els usuaris utilitzaran recursos TAC i interactuaran amb ells en el marc de diferents sistemes d\u2019aprenentatge i estrat\u00e8gies pedag\u00f2giques que donin suport al di\u00e0leg dels usuaris sobre temes rellevants, a la reflexi\u00f3, a la innovaci\u00f3, a l\u2019autoformaci\u00f3 i la formaci\u00f3 permanent i continua, i a l\u2019autoorganitzaci\u00f3.\n<\/br><\/br>\nUn dels principals trets de l\u2019espai \u00e9s la flexibilitat d\u2019organitzar diferents estructures d\u2019aula amb el mobiliari i d\u2019aquesta manera adaptar l\u2019aula a diferents metodologies de treball, implementant la interdisciplinarietat, el treball cooperatiu, la interacci\u00f3 de grup i la social adequades a les noves maneres d\u2019aprendre.<\/p>\n\t\t\t\t\t\t\t<\/div>\n\t\t\t\t\t\t\t<div class=\"btn-box\"><a href=\"https:\/\/pedagogia.fcep.urv.cat\/aulaidees\/index.php\/contact-us-4\/\" class=\"theme-btn\">Contacte<\/a><\/div>\n\t\t\t\t\t\t<\/div>\n\t\t\t\t\t<\/div>\n\t\t\t\t<\/div>\n\t\t\t<\/div>\n\t\t<\/section>\n\t\t\t\t<\/div>\n\t\t\t\t<\/div>\n\t\t\t\t\t<\/div>\n\t\t<\/div>\n\t\t\t\t\t\t\t<\/div>\n\t\t<\/section>\n\t\t\t\t<section class=\"elementor-section elementor-top-section elementor-element elementor-element-6162a15 elementor-section-stretched elementor-section-full_width elementor-section-height-default elementor-section-height-default\" data-id=\"6162a15\" data-element_type=\"section\" data-settings=\"{&quot;stretch_section&quot;:&quot;section-stretched&quot;,&quot;background_background&quot;:&quot;classic&quot;}\">\n\t\t\t\t\t\t<div class=\"elementor-container elementor-column-gap-default\">\n\t\t\t\t\t<div class=\"elementor-column elementor-col-100 elementor-top-column elementor-element elementor-element-3a633b5\" data-id=\"3a633b5\" data-element_type=\"column\">\n\t\t\t<div class=\"elementor-widget-wrap\">\n\t\t\t\t\t\t\t\t\t<\/div>\n\t\t<\/div>\n\t\t\t\t\t\t\t<\/div>\n\t\t<\/section>\n\t\t\t\t<section class=\"elementor-section elementor-top-section elementor-element elementor-element-80b1daf elementor-section-stretched elementor-section-full_width elementor-section-height-default elementor-section-height-default\" data-id=\"80b1daf\" data-element_type=\"section\" data-settings=\"{&quot;stretch_section&quot;:&quot;section-stretched&quot;}\">\n\t\t\t\t\t\t<div class=\"elementor-container elementor-column-gap-default\">\n\t\t\t\t\t<div class=\"elementor-column elementor-col-100 elementor-top-column elementor-element elementor-element-6474036\" data-id=\"6474036\" data-element_type=\"column\">\n\t\t\t<div class=\"elementor-widget-wrap elementor-element-populated\">\n\t\t\t\t\t\t\t\t<div class=\"elementor-element elementor-element-a37d9bf elementor-widget elementor-widget-services_one\" data-id=\"a37d9bf\" data-element_type=\"widget\" data-widget_type=\"services_one.default\">\n\t\t\t\t<div class=\"elementor-widget-container\">\n\t\t\t\t\t<section class=\"service-section sec-pad\">\n\t\t\t<div class=\"container\">\n\t\t\t\t<div class=\"row\">\n\t\t\t\t\t<div class=\"col-lg-4 col-md-12 col-sm-12 inner-column\">\n\t\t\t\t\t\t<div class=\"inner-content\">\n\t\t\t\t\t\t\t<div class=\"sec-title style-two\">\n\t\t\t\t\t\t\t\t<h5>Projecte Reinvent de Classrroom<\/h5>\n\t\t\t\t\t\t\t\t<h1 class=\"service_one\"> Per qu\u00e8 tenir una aula RTC?\n<\/h1>\n\t\t\t\t\t\t\t<\/div>\n\t\t\t\t\t\t\t<div class=\"text\">L\u2019objectiu del projecte \u00e9s desenvolupar les habilitats i compet\u00e8ncies del segle XXI, atorgant als usuaris de l\u2019aula l\u2019acc\u00e9s a la tecnologia amb la finalitat de desenvolupar el coneixement global.\n<\/div>\n\t\t\t\t\t\t<\/div>\n\t\t\t\t\t<\/div>\n\t\t\t\t\t<div class=\"col-lg-8 col-md-12 col-sm-12 carousel-column\">\n\t\t\t\t\t\t<div class=\"carousel-content\">\n\t\t\t\t\t\t\t<div class=\"services-carousel owl-carousel owl-theme\" data-owl='{\"loop\":\"true\",\"autoplay\":\"true\",\"autoplay_speed\":\"3000\",\"arrows\":\"true\"}'>\n\t\t\t\t\t\t\t\t\t\t\t\t\t\t\t\t\t <div class=\"service-block-one\">\n\t\t\t\t\t\t\t\t\t\t<div class=\"inner-box\">\n\t\t\t\t\t\t\t\t\t\t\t<div class=\"icon-box\"><i aria-hidden=\"true\" class=\"fas fa-robot\"><\/i><\/div>\n\t\t\t\t\t\t\t\t\t\t\t<h3><a href=\"#_\">Aula Tecnol\u00f2gica<\/a><\/h3>\n\t\t\t\t\t\t\t\t\t\t\t<div class=\"text\">Tecnologia Immersiva i capdavantera en un entorn d'aprenentatge\n<\/div>\n\t\t\t\t\t\t\t\t\t\t<\/div>\n<\/div> \t\t\t\t\t\t\t\t\t <div class=\"service-block-one\">\n\t\t\t\t\t\t\t\t\t\t<div class=\"inner-box\">\n\t\t\t\t\t\t\t\t\t\t\t<div class=\"icon-box\"><i aria-hidden=\"true\" class=\"fas fa-chalkboard-teacher\"><\/i><\/div>\n\t\t\t\t\t\t\t\t\t\t\t<h3><a href=\"#_\">Espai d'Innovavi\u00f3<\/a><\/h3>\n\t\t\t\t\t\t\t\t\t\t\t<div class=\"text\">Innovaci\u00f3 educativa per a docents i futurs docents<\/div>\n\t\t\t\t\t\t\t\t\t\t<\/div>\n<\/div> \t\t\t\t\t\t\t\t\t <div class=\"service-block-one\">\n\t\t\t\t\t\t\t\t\t\t<div class=\"inner-box\">\n\t\t\t\t\t\t\t\t\t\t\t<div class=\"icon-box\"><i aria-hidden=\"true\" class=\"fas fa-brain\"><\/i><\/div>\n\t\t\t\t\t\t\t\t\t\t\t<h3><a href=\"#_\">Autonomia i Creativitat<\/a><\/h3>\n\t\t\t\t\t\t\t\t\t\t\t<div class=\"text\">Promoure l'autonomia i la creativitat dels usuaris de l'aula<\/div>\n\t\t\t\t\t\t\t\t\t\t<\/div>\n<\/div> \t\t\t\t\t\t\t\t\t <div class=\"service-block-one\">\n\t\t\t\t\t\t\t\t\t\t<div class=\"inner-box\">\n\t\t\t\t\t\t\t\t\t\t\t<div class=\"icon-box\"><i aria-hidden=\"true\" class=\"fas fa-puzzle-piece\"><\/i><\/div>\n\t\t\t\t\t\t\t\t\t\t\t<h3><a href=\"\">Espai Din\u00e0mic i Flexible<\/a><\/h3>\n\t\t\t\t\t\t\t\t\t\t\t<div class=\"text\">dissenyat per moure's  lliurement utilitzant eines tecnol\u00f2giques <\/div>\n\t\t\t\t\t\t\t\t\t\t<\/div>\n<\/div> \t\t\t\t\t\t\t\t\t <div class=\"service-block-one\">\n\t\t\t\t\t\t\t\t\t\t<div class=\"inner-box\">\n\t\t\t\t\t\t\t\t\t\t\t<div class=\"icon-box\"><i aria-hidden=\"true\" class=\"fas fa-sd-card\"><\/i><\/div>\n\t\t\t\t\t\t\t\t\t\t\t<h3><a href=\"\">Compet\u00e8ncia Digital<\/a><\/h3>\n\t\t\t\t\t\t\t\t\t\t\t<div class=\"text\">Adquisici\u00f3 de la compet\u00e8ncia digital interactuant amb les TAC<\/div>\n\t\t\t\t\t\t\t\t\t\t<\/div>\n<\/div> \t\t\t\t\t\t\t<\/div>\n\t\t\t\t\t\t<\/div>\n\t\t\t\t\t<\/div>\n\t\t\t\t<\/div>\n\t\t\t<\/div>\n\t\t<\/section> \n\t\t\t\t<\/div>\n\t\t\t\t<\/div>\n\t\t\t\t<div class=\"elementor-element elementor-element-1fb2965 elementor-widget elementor-widget-facilities_one\" data-id=\"1fb2965\" data-element_type=\"widget\" data-widget_type=\"facilities_one.default\">\n\t\t\t\t<div class=\"elementor-widget-container\">\n\t\t\t <section class=\"feature-section\">\n\t\t\t<div class=\"anim-icon\">\n\t\t\t\t<div class=\"icon icon-1\"><\/div>\n\t\t\t\t<div class=\"icon icon-2\"><\/div>\n\t\t\t<\/div>\n\t\t\t<div class=\"image-column\" style=\"background-image: url(https:\/\/pedagogia.fcep.urv.cat\/aulaidees\/wp-content\/uploads\/2022\/03\/aula-idees2.png);\"><\/div>\n\t\t\t<div class=\"container\">\n\t\t\t\t<div class=\"row\">\n\t\t\t\t\t<div class=\"col-xl-5 col-lg-12 col-md-12 offset-xl-7 inner-column\">\n\t\t\t\t\t\t<div class=\"inner-content\">\n\t\t\t\t\t\t\t<div class=\"sec-title style-two\">\n\t\t\t\t\t\t\t\t<h5>Coneix l'aula<\/h5>\n\t\t\t\t\t\t\t\t<h1 class=\"facilities\">Com \u00e9s una aula RTC?<\/h1>\n\t\t\t\t\t\t\t<\/div>\n\t\t\t\t\t\t\t<div class=\"inner-box\">\n\t\t\t\t\t\t\t\t\t\t\t\t\t\t\t\t\t <div class=\"single-item wow fadeInUp\" data-wow-delay=\"00ms\" data-wow-duration=\"1500ms\">\n\t\t\t\t\t\t\t\t\t\t<div class=\"icon-box\"><i aria-hidden=\"true\" class=\"fas fa-user-alt\"><\/i><\/div>\n\t\t\t\t\t\t\t\t\t\t<h3><a href=\"#_\">Personalitzada<\/a><\/h3>\n\t\t\t\t\t\t\t\t\t\t<div class=\"text\">Una aula dedicada als usuaris per facilitar la investigaci\u00f3, l\u2019experimentaci\u00f3 i el descobriment i per enriquir el proc\u00e9s d\u2019ensenyament i aprenentatge.\n<\/div>\n\t\t\t\t\t\t\t\t\t<\/div> \t\t\t\t\t\t\t\t\t <div class=\"single-item wow fadeInUp\" data-wow-delay=\"00ms\" data-wow-duration=\"1500ms\">\n\t\t\t\t\t\t\t\t\t\t<div class=\"icon-box\"><i aria-hidden=\"true\" class=\"fas fa-lock-open\"><\/i><\/div>\n\t\t\t\t\t\t\t\t\t\t<h3><a href=\"#_\">Oberta<\/a><\/h3>\n\t\t\t\t\t\t\t\t\t\t<div class=\"text\">Una aula sense obstacles, \u00e0mplia, i amb diferents espais. En  aquesta aula els l\u00edmits els marca l\u2019usuari, ja que, gr\u00e0cies a la tecnologia, poden adquirir-se els coneixements des de qualsevol lloc de l\u2019aula.\n<\/div>\n\t\t\t\t\t\t\t\t\t<\/div> \t\t\t\t\t\t\t\t\t <div class=\"single-item wow fadeInUp\" data-wow-delay=\"00ms\" data-wow-duration=\"1500ms\">\n\t\t\t\t\t\t\t\t\t\t<div class=\"icon-box\"><i aria-hidden=\"true\" class=\"fas fa-cog\"><\/i><\/div>\n\t\t\t\t\t\t\t\t\t\t<h3><a href=\"#_\">Polivalent<\/a><\/h3>\n\t\t\t\t\t\t\t\t\t\t<div class=\"text\">Model d\u2019aula multifuncional, adaptada a les necessitats de cada usuari i a les diferents situacions d\u2019aprenentatge, amb elements m\u00f2bils.\n<\/div>\n\t\t\t\t\t\t\t\t\t<\/div> \t\t\t\t\t\t\t\t\t <div class=\"single-item wow fadeInUp\" data-wow-delay=\"00ms\" data-wow-duration=\"1500ms\">\n\t\t\t\t\t\t\t\t\t\t<div class=\"icon-box\"><i aria-hidden=\"true\" class=\" flaticon-earth-globe\"><\/i><\/div>\n\t\t\t\t\t\t\t\t\t\t<h3><a href=\"#\">Flexible<\/a><\/h3>\n\t\t\t\t\t\t\t\t\t\t<div class=\"text\">Llibertat i autonomia en l\u2019aprenentatge dels usuaris d\u2019acord amb les seves necessitats i interessos personals gr\u00e0cies a la gran varietat d\u2019espais i la seva distribuci\u00f3 dels elements.<\/div>\n\t\t\t\t\t\t\t\t\t<\/div> \t\t\t\t\t\t\t\t\t <div class=\"single-item wow fadeInUp\" data-wow-delay=\"00ms\" data-wow-duration=\"1500ms\">\n\t\t\t\t\t\t\t\t\t\t<div class=\"icon-box\"><i aria-hidden=\"true\" class=\"fas fa-network-wired\"><\/i><\/div>\n\t\t\t\t\t\t\t\t\t\t<h3><a href=\"#\">Tecnol\u00f2gica<\/a><\/h3>\n\t\t\t\t\t\t\t\t\t\t<div class=\"text\">Dispositius per a tots els usuaris, dinamitzant l\u2019aprenentatge i establint la figura del professorat com a guia per als usuaris.<\/div>\n\t\t\t\t\t\t\t\t\t<\/div> \t\t\t\t\t\t\t\t\t <div class=\"single-item wow fadeInUp\" data-wow-delay=\"00ms\" data-wow-duration=\"1500ms\">\n\t\t\t\t\t\t\t\t\t\t<div class=\"icon-box\"><i aria-hidden=\"true\" class=\"fas fa-pen\"><\/i><\/div>\n\t\t\t\t\t\t\t\t\t\t<h3><a href=\"#\">Creativa<\/a><\/h3>\n\t\t\t\t\t\t\t\t\t\t<div class=\"text\">Cada usuari \u00e9s capa\u00e7 d\u2019implementar tot el seu potencial creatiu en formats diferents, prioritzant la manipulaci\u00f3 i l\u2019expressi\u00f3 art\u00edstica per fomentar el pensament creatiu.<\/div>\n\t\t\t\t\t\t\t\t\t<\/div> \t\t\t\t\t\t\t<\/div>\n\t\t\t\t\t\t<\/div>\n\t\t\t\t\t<\/div>\n\t\t\t\t<\/div>\n\t\t\t<\/div>\n\t\t<\/section> \n\t\t\t\t<\/div>\n\t\t\t\t<\/div>\n\t\t\t\t\t<\/div>\n\t\t<\/div>\n\t\t\t\t\t\t\t<\/div>\n\t\t<\/section>\n\t\t\t\t<section class=\"elementor-section elementor-top-section elementor-element elementor-element-1cc955d elementor-section-stretched elementor-section-full_width elementor-section-height-default elementor-section-height-default\" data-id=\"1cc955d\" data-element_type=\"section\" data-settings=\"{&quot;stretch_section&quot;:&quot;section-stretched&quot;}\">\n\t\t\t\t\t\t<div class=\"elementor-container elementor-column-gap-default\">\n\t\t\t\t\t<div class=\"elementor-column elementor-col-100 elementor-top-column elementor-element elementor-element-2ae89e4\" data-id=\"2ae89e4\" data-element_type=\"column\">\n\t\t\t<div class=\"elementor-widget-wrap\">\n\t\t\t\t\t\t\t\t\t<\/div>\n\t\t<\/div>\n\t\t\t\t\t\t\t<\/div>\n\t\t<\/section>\n\t\t\t\t<section class=\"elementor-section elementor-top-section elementor-element elementor-element-d31e331 elementor-section-full_width elementor-section-height-default elementor-section-height-default\" data-id=\"d31e331\" data-element_type=\"section\">\n\t\t\t\t\t\t<div class=\"elementor-container elementor-column-gap-default\">\n\t\t\t\t\t<div class=\"elementor-column elementor-col-100 elementor-top-column elementor-element elementor-element-1956776\" data-id=\"1956776\" data-element_type=\"column\">\n\t\t\t<div class=\"elementor-widget-wrap elementor-element-populated\">\n\t\t\t\t\t\t\t\t<div class=\"elementor-element elementor-element-6d54594 elementor-widget elementor-widget-teacher_one\" data-id=\"6d54594\" data-element_type=\"widget\" data-widget_type=\"teacher_one.default\">\n\t\t\t\t<div class=\"elementor-widget-container\">\n\t\t\t \n\t\t<section class=\"our-teachers sec-pad centred style-two teachers-page-section\">\n\n\t\t<div class=\"parallax-scene parallax-scene-2 parallax-icon\">\n\t\t\t<span data-depth=\"0.40\" class=\"parallax-layer icon icon-1\"><\/span>\n\t\t\t<span data-depth=\"0.50\" class=\"parallax-layer icon icon-2\"><\/span>\n\t\t\t<span data-depth=\"0.30\" class=\"parallax-layer icon icon-3\"><\/span>\n\t\t\t<span data-depth=\"0.40\" class=\"parallax-layer icon icon-4\"><\/span>\n\t\t\t<span data-depth=\"0.50\" class=\"parallax-layer icon icon-5\"><\/span>\n\t\t\t<span data-depth=\"0.30\" class=\"parallax-layer icon icon-6\"><\/span>\n\t\t\t<span data-depth=\"0.40\" class=\"parallax-layer icon icon-7\"><\/span>\n\t\t<\/div>\n\t\t\t\t\n\n<div class=\"container\">\n\t<div class=\"sec-title\">\n\t\t<h5>Espais<\/h5>\n\t\t<h1 class=\"teacher_list\">Aula idees del campus Terres de l'Ebre <\/br> Universitat Rovira i Virgili<\/h1>\n\t<\/div>\n\t<div class=\"row\">\n\t\t\t\t <div class=\"col-xl-4 col-lg-6 col-md-12 block-column\">\n\t\t<div class=\"teachers-block-one wow fadeInUp\" data-wow-delay=\"00ms\" data-wow-duration=\"1500ms\">\n\t\t\t<div class=\"inner-box\">\n\t\t\t\t<div class=\"image-holder\">\n\t\t\t\t\t<figure class=\"image-box\"><a href=\"https:\/\/pedagogia.fcep.urv.cat\/aulaidees\/index.php\/zona_thinking\/\"><img decoding=\"async\" src=\"https:\/\/pedagogia.fcep.urv.cat\/aulaidees\/wp-content\/uploads\/2022\/03\/IMG_7632.jpeg\" alt=\"\"><\/a><\/figure>\n\t\t\t\t<\/div>\n\t\t\t\t<div class=\"lower-content\">\n\t\t\t\t\t<h3><a href=\"https:\/\/pedagogia.fcep.urv.cat\/aulaidees\/index.php\/zona_thinking\/\">Zona Thinking<\/a><\/h3>\n\t\t\t\t\t<span class=\"designation\">Convida a la reflexi\u00f3,  \u00e9s obert, flexible i inspirador<\/span>\n\t\t\t\t\t<ul class=\"social-list\">\n\t\t\t\t\t\t\n\t\t\t\t\t<\/ul>\n\t\t\t\t<\/div>\n\t\t\t<\/div>\n\t\t<\/div>\n\t\t<\/div> \t\t <div class=\"col-xl-4 col-lg-6 col-md-12 block-column\">\n\t\t<div class=\"teachers-block-one wow fadeInUp\" data-wow-delay=\"00ms\" data-wow-duration=\"1500ms\">\n\t\t\t<div class=\"inner-box\">\n\t\t\t\t<div class=\"image-holder\">\n\t\t\t\t\t<figure class=\"image-box\"><a href=\"https:\/\/pedagogia.fcep.urv.cat\/aulaidees\/index.php\/zona-design\/\"><img decoding=\"async\" src=\"https:\/\/pedagogia.fcep.urv.cat\/aulaidees\/wp-content\/uploads\/2022\/03\/foto-espi-design.jpg\" alt=\"\"><\/a><\/figure>\n\t\t\t\t<\/div>\n\t\t\t\t<div class=\"lower-content\">\n\t\t\t\t\t<h3><a href=\"https:\/\/pedagogia.fcep.urv.cat\/aulaidees\/index.php\/zona-design\/\">Zona Design<\/a><\/h3>\n\t\t\t\t\t<span class=\"designation\">espai organitzat i lliure per crear<\/span>\n\t\t\t\t\t<ul class=\"social-list\">\n\t\t\t\t\t\t\n\n                \t\t\t\t\t<\/ul>\n\t\t\t\t<\/div>\n\t\t\t<\/div>\n\t\t<\/div>\n\t\t<\/div> \t\t <div class=\"col-xl-4 col-lg-6 col-md-12 block-column\">\n\t\t<div class=\"teachers-block-one wow fadeInUp\" data-wow-delay=\"00ms\" data-wow-duration=\"1500ms\">\n\t\t\t<div class=\"inner-box\">\n\t\t\t\t<div class=\"image-holder\">\n\t\t\t\t\t<figure class=\"image-box\"><a href=\"https:\/\/pedagogia.fcep.urv.cat\/aulaidees\/index.php\/zona-maker\/\"><img decoding=\"async\" src=\"https:\/\/pedagogia.fcep.urv.cat\/aulaidees\/wp-content\/uploads\/2022\/03\/IMG_7615.jpeg\" alt=\"\"><\/a><\/figure>\n\t\t\t\t<\/div>\n\t\t\t\t<div class=\"lower-content\">\n\t\t\t\t\t<h3><a href=\"https:\/\/pedagogia.fcep.urv.cat\/aulaidees\/index.php\/zona-maker\/\">Zona Maker<\/a><\/h3>\n\t\t\t\t\t<span class=\"designation\">Espai din\u00e0mic i equipat amb les \u00faltimes tecnologies<\/span>\n\t\t\t\t\t<ul class=\"social-list\">\n\t\t\t\t\t\t\n\t\t\t\t\t<\/ul>\n\t\t\t\t<\/div>\n\t\t\t<\/div>\n\t\t<\/div>\n\t\t<\/div> \t\t <div class=\"col-xl-4 col-lg-6 col-md-12 block-column\">\n\t\t<div class=\"teachers-block-one wow fadeInUp\" data-wow-delay=\"00ms\" data-wow-duration=\"1500ms\">\n\t\t\t<div class=\"inner-box\">\n\t\t\t\t<div class=\"image-holder\">\n\t\t\t\t\t<figure class=\"image-box\"><a href=\"https:\/\/pedagogia.fcep.urv.cat\/aulaidees\/index.php\/zona-stage\/\"><img decoding=\"async\" src=\"https:\/\/pedagogia.fcep.urv.cat\/aulaidees\/wp-content\/uploads\/2022\/03\/IMG_7635.jpeg\" alt=\"\"><\/a><\/figure>\n\t\t\t\t<\/div>\n\t\t\t\t<div class=\"lower-content\">\n\t\t\t\t\t<h3><a href=\"https:\/\/pedagogia.fcep.urv.cat\/aulaidees\/index.php\/zona-stage\/\">Zona Stage<\/a><\/h3>\n\t\t\t\t\t<span class=\"designation\"> Zona per per exposar els projectes realitzats<\/span>\n\t\t\t\t\t<ul class=\"social-list\">\n\t\t\t\t\t\t\t\t\t\t\t<\/ul>\n\t\t\t\t<\/div>\n\t\t\t<\/div>\n\t\t<\/div>\n\t\t<\/div>  \n\t<\/div>\n<\/div>\n<\/section> \n\t\t\t\t<\/div>\n\t\t\t\t<\/div>\n\t\t\t\t<div class=\"elementor-element elementor-element-edbd921 elementor-widget elementor-widget-page_classes_th\" data-id=\"edbd921\" data-element_type=\"widget\" data-widget_type=\"page_classes_th.default\">\n\t\t\t\t<div class=\"elementor-widget-container\">\n\t\t\t\n<section class=\"classes-section sec-pad\">\n\t<div class=\"anim-icon\">\n\t\t\t\t<div class=\"icon icon-1 float-bob-x\"><\/div>\n\t\t\t<\/div>\n\t\t<div class=\"container\">\n\t\t\t<div class=\"sec-title centred\">\n\t\t\t\t<h5>Proposta d'activitats<\/h5>\n\t\t\t\t<h1 class=\"classes_service\">Les propostes d\u2019utilitzaci\u00f3 de l'aula idees<\/h1>\n\t\t\t<\/div>\n\t\t\t<div class=\"row\">\n\t\t\t\t\t\t\t<div class=\"col-lg-4 col-md-6 col-sm-12 block-column\">\n\t\t\t\t\t<div class=\"inner-block wow fadeInUp\" data-wow-delay=\"0ms\" data-wow-duration=\"1500ms\">\n\t\t\t\t\t\t<figure class=\"image-box\"><a href=\"https:\/\/pedagogia.fcep.urv.cat\/aulaidees\/index.php\/educlass\/espai-professsorat\/\"><img decoding=\"async\" src=\"https:\/\/pedagogia.fcep.urv.cat\/aulaidees\/wp-content\/uploads\/2020\/04\/1G9A4090.jpg\" alt=\"\"><\/a><\/figure>\n\t\t\t\t\t\t<div class=\"lower-content\">\n\t\t\t\t\t\t\t<div class=\"link-btn\"><a href=\"https:\/\/pedagogia.fcep.urv.cat\/aulaidees\/index.php\/educlass\/espai-professsorat\/\"><i class=\"flaticon-next\"><\/i><\/a><\/div>\n\t\t\t\t\t\t\t<h3><a href=\"https:\/\/pedagogia.fcep.urv.cat\/aulaidees\/index.php\/educlass\/espai-professsorat\/\">Activitats per professorat i alumnat<\/a><\/h3>\n\t\t\t\t\t\t\t<div class=\"price\"><\/div>\n\t\t\t\t\t\t\t<div class=\"text\">Espai on professorat i alumnat dels graus d\u2019Educaci\u00f3 Infantil i Prim\u00e0ria del CTE realitzaran activitats d\u2019ensenyament i aprenentatge. \nDissenyaran i practicaran activitats d\u2019innovaci\u00f3 educativa.<\/div>\n\t\t\t\t\t\t\t<ul class=\"info-box\">\n\t\t\t\t<li>Grau: <span>Educaci\u00f3 Infantil <\/span><\/li>\r\n <li>Grau: <span>Educaci\u00f3 Prim\u00e0ria<\/span><\/li>\r\n                               \t\t\t\t\t\t\t<\/ul>\n\t\t\t\t\t\t<\/div>\n\t\t\t\t\t<\/div>\n\t\t\t\t<\/div>\n\t\t\t\t\t\t\t\t<div class=\"col-lg-4 col-md-6 col-sm-12 block-column\">\n\t\t\t\t\t<div class=\"inner-block wow fadeInUp\" data-wow-delay=\"0ms\" data-wow-duration=\"1500ms\">\n\t\t\t\t\t\t<figure class=\"image-box\"><a href=\"https:\/\/pedagogia.fcep.urv.cat\/aulaidees\/index.php\/educlass\/activitats-centreseducatius\/\"><img decoding=\"async\" src=\"https:\/\/pedagogia.fcep.urv.cat\/aulaidees\/wp-content\/uploads\/2022\/03\/centres-educatiu-classes.jpg\" alt=\"\"><\/a><\/figure>\n\t\t\t\t\t\t<div class=\"lower-content\">\n\t\t\t\t\t\t\t<div class=\"link-btn\"><a href=\"https:\/\/pedagogia.fcep.urv.cat\/aulaidees\/index.php\/educlass\/activitats-centreseducatius\/\"><i class=\"flaticon-next\"><\/i><\/a><\/div>\n\t\t\t\t\t\t\t<h3><a href=\"https:\/\/pedagogia.fcep.urv.cat\/aulaidees\/index.php\/educlass\/activitats-centreseducatius\/\">Activitats per centres educatius<\/a><\/h3>\n\t\t\t\t\t\t\t<div class=\"price\"><\/div>\n\t\t\t\t\t\t\t<div class=\"text\">Disseny de projectes educatius adre\u00e7ats als centres educatius de la demarcaci\u00f3.\nS\u2019oferiran seq\u00fc\u00e8ncies did\u00e0ctiques i projectes generats per l\u2019alumnat del CTE a les diferents assignatures dels graus.<\/div>\n\t\t\t\t\t\t\t<ul class=\"info-box\">\n\t\t\t\t <li>Grau: <span>Educaci\u00f3 Infantil<\/span><\/li>\r\n                                <li>Grau: <span>Educaci\u00f3 Prim\u00e0ria<\/span><\/li>\t\t\t\t\t\t\t<\/ul>\n\t\t\t\t\t\t<\/div>\n\t\t\t\t\t<\/div>\n\t\t\t\t<\/div>\n\t\t\t\t\t\t\t\t<div class=\"col-lg-4 col-md-6 col-sm-12 block-column\">\n\t\t\t\t\t<div class=\"inner-block wow fadeInUp\" data-wow-delay=\"0ms\" data-wow-duration=\"1500ms\">\n\t\t\t\t\t\t<figure class=\"image-box\"><a href=\"https:\/\/pedagogia.fcep.urv.cat\/aulaidees\/index.php\/educlass\/convenis-collaboracio\/\"><img decoding=\"async\" src=\"https:\/\/pedagogia.fcep.urv.cat\/aulaidees\/wp-content\/uploads\/2022\/03\/1G9A4125.jpg\" alt=\"\"><\/a><\/figure>\n\t\t\t\t\t\t<div class=\"lower-content\">\n\t\t\t\t\t\t\t<div class=\"link-btn\"><a href=\"https:\/\/pedagogia.fcep.urv.cat\/aulaidees\/index.php\/educlass\/convenis-collaboracio\/\"><i class=\"flaticon-next\"><\/i><\/a><\/div>\n\t\t\t\t\t\t\t<h3><a href=\"https:\/\/pedagogia.fcep.urv.cat\/aulaidees\/index.php\/educlass\/convenis-collaboracio\/\">Convenis amb professorat en actiu<\/a><\/h3>\n\t\t\t\t\t\t\t<div class=\"price\"><\/div>\n\t\t\t\t\t\t\t<div class=\"text\">Proposar als Serveis Territorials d\u2019Educaci\u00f3 a les Terres de l\u2019Ebre establir un conveni de col\u00b7laboraci\u00f3 amb la finalitat d\u2019utilitzar l\u2019Aula Idees per al disseny activitats.<\/div>\n\t\t\t\t\t\t\t<ul class=\"info-box\">\n\t\t\t\t <li>Adre\u00e7at: <span>professorat dels centres educatius <\/span><\/li>\r\n                                \t\t\t\t\t\t\t<\/ul>\n\t\t\t\t\t\t<\/div>\n\t\t\t\t\t<\/div>\n\t\t\t\t<\/div>\n\t\t\t\t\t\t\t\t<div class=\"col-lg-4 col-md-6 col-sm-12 block-column\">\n\t\t\t\t\t<div class=\"inner-block wow fadeInUp\" data-wow-delay=\"0ms\" data-wow-duration=\"1500ms\">\n\t\t\t\t\t\t<figure class=\"image-box\"><a href=\"https:\/\/pedagogia.fcep.urv.cat\/aulaidees\/index.php\/educlass\/activitats-ice\/\"><img decoding=\"async\" src=\"https:\/\/pedagogia.fcep.urv.cat\/aulaidees\/wp-content\/uploads\/2022\/03\/1G9A4156.jpg\" alt=\"\"><\/a><\/figure>\n\t\t\t\t\t\t<div class=\"lower-content\">\n\t\t\t\t\t\t\t<div class=\"link-btn\"><a href=\"https:\/\/pedagogia.fcep.urv.cat\/aulaidees\/index.php\/educlass\/activitats-ice\/\"><i class=\"flaticon-next\"><\/i><\/a><\/div>\n\t\t\t\t\t\t\t<h3><a href=\"https:\/\/pedagogia.fcep.urv.cat\/aulaidees\/index.php\/educlass\/activitats-ice\/\">Activitats ICE de la URV<\/a><\/h3>\n\t\t\t\t\t\t\t<div class=\"price\"><\/div>\n\t\t\t\t\t\t\t<div class=\"text\">Oferir a l'Institut de Ci\u00e8ncies de l'Educaci\u00f3 de la URV la possibilitat d\u2019utilitzar l\u2019aula en activitats de formaci\u00f3 de professorat universitari i no universitari.\n<\/div>\n\t\t\t\t\t\t\t<ul class=\"info-box\">\n\t\t\t\t <li>Adre\u00e7at: <span>Institut Ci\u00e8ncies de l'Educaci\u00f3<\/span><\/li>\r\n                                \t\t\t\t\t\t\t<\/ul>\n\t\t\t\t\t\t<\/div>\n\t\t\t\t\t<\/div>\n\t\t\t\t<\/div>\n\t\t\t\t\t\t\t\t<div class=\"col-lg-4 col-md-6 col-sm-12 block-column\">\n\t\t\t\t\t<div class=\"inner-block wow fadeInUp\" data-wow-delay=\"0ms\" data-wow-duration=\"1500ms\">\n\t\t\t\t\t\t<figure class=\"image-box\"><a href=\"https:\/\/pedagogia.fcep.urv.cat\/aulaidees\/index.php\/educlass\/conveni-institucions\/\"><img decoding=\"async\" src=\"https:\/\/pedagogia.fcep.urv.cat\/aulaidees\/wp-content\/uploads\/2022\/03\/1G9A3902.jpg\" alt=\"\"><\/a><\/figure>\n\t\t\t\t\t\t<div class=\"lower-content\">\n\t\t\t\t\t\t\t<div class=\"link-btn\"><a href=\"https:\/\/pedagogia.fcep.urv.cat\/aulaidees\/index.php\/educlass\/conveni-institucions\/\"><i class=\"flaticon-next\"><\/i><\/a><\/div>\n\t\t\t\t\t\t\t<h3><a href=\"https:\/\/pedagogia.fcep.urv.cat\/aulaidees\/index.php\/educlass\/conveni-institucions\/\">Convenis amb institucions<\/a><\/h3>\n\t\t\t\t\t\t\t<div class=\"price\"><\/div>\n\t\t\t\t\t\t\t<div class=\"text\">Incentivar convenis de col\u00b7laboraci\u00f3 amb institucions i entitats p\u00fabliques i privades de la demarcaci\u00f3 per oferir l\u2019Aula Idees i\/o els serveis de l\u2019alumnat dels graus d\u2019Educaci\u00f3.\n<\/div>\n\t\t\t\t\t\t\t<ul class=\"info-box\">\n\t\t\t\t <li>Adre\u00e7at: <span>Institucions publiques i privades<\/span><\/li>\r\n                              \t\t\t\t\t\t\t<\/ul>\n\t\t\t\t\t\t<\/div>\n\t\t\t\t\t<\/div>\n\t\t\t\t<\/div>\n\t\t\t\t\t\t\t\t<div class=\"col-lg-4 col-md-6 col-sm-12 block-column\">\n\t\t\t\t\t<div class=\"inner-block wow fadeInUp\" data-wow-delay=\"0ms\" data-wow-duration=\"1500ms\">\n\t\t\t\t\t\t<figure class=\"image-box\"><a href=\"https:\/\/pedagogia.fcep.urv.cat\/aulaidees\/index.php\/educlass\/convenis-universitats\/\"><img decoding=\"async\" src=\"https:\/\/pedagogia.fcep.urv.cat\/aulaidees\/wp-content\/uploads\/2020\/04\/ulleres-realitat.JPEG.jpeg\" alt=\"\"><\/a><\/figure>\n\t\t\t\t\t\t<div class=\"lower-content\">\n\t\t\t\t\t\t\t<div class=\"link-btn\"><a href=\"https:\/\/pedagogia.fcep.urv.cat\/aulaidees\/index.php\/educlass\/convenis-universitats\/\"><i class=\"flaticon-next\"><\/i><\/a><\/div>\n\t\t\t\t\t\t\t<h3><a href=\"https:\/\/pedagogia.fcep.urv.cat\/aulaidees\/index.php\/educlass\/convenis-universitats\/\">Convenis amb altres universitats<\/a><\/h3>\n\t\t\t\t\t\t\t<div class=\"price\"><\/div>\n\t\t\t\t\t\t\t<div class=\"text\">Establir convenis de col\u00b7laboraci\u00f3 nacionals i internacionals amb altres universitats fent ofertes d\u2019activitats que es puguin dur a terme a l\u2019Aula Idees del CTE.\n<\/div>\n\t\t\t\t\t\t\t<ul class=\"info-box\">\n\t\t\t\t <li>Adre\u00e7at: <span>altres universitats nacionals o internacionals<\/span><\/li>\r\n                       \t\t\t\t\t\t\t<\/ul>\n\t\t\t\t\t\t<\/div>\n\t\t\t\t\t<\/div>\n\t\t\t\t<\/div>\n\t\t\t\t\t\t\t<\/div>\n\t\t<\/div>\n\t<\/section>\n\n\n\n\n\t\t\t\n\t\t\t\t<\/div>\n\t\t\t\t<\/div>\n\t\t\t\t\t<\/div>\n\t\t<\/div>\n\t\t\t\t\t\t\t<\/div>\n\t\t<\/section>\n\t\t\t\t<section class=\"elementor-section elementor-top-section elementor-element elementor-element-df2de37 elementor-section-stretched elementor-section-full_width elementor-section-height-default elementor-section-height-default\" data-id=\"df2de37\" data-element_type=\"section\" data-settings=\"{&quot;stretch_section&quot;:&quot;section-stretched&quot;}\">\n\t\t\t\t\t\t<div class=\"elementor-container elementor-column-gap-default\">\n\t\t\t\t\t<div class=\"elementor-column elementor-col-100 elementor-top-column elementor-element elementor-element-e8ffeba\" data-id=\"e8ffeba\" data-element_type=\"column\">\n\t\t\t<div class=\"elementor-widget-wrap elementor-element-populated\">\n\t\t\t\t\t\t\t\t<div class=\"elementor-element elementor-element-1dc9e80 elementor-widget elementor-widget-call_to_cation_one\" data-id=\"1dc9e80\" data-element_type=\"widget\" data-widget_type=\"call_to_cation_one.default\">\n\t\t\t\t<div class=\"elementor-widget-container\">\n\t\t\t \n\t\t<section class=\"cta-section centred\">\n\t\t\t<div class=\"anim-icon\">\n\t\t\t\t<div class=\"icon icon-1 float-bob-x\"><\/div>\n\t\t\t\t<div class=\"icon icon-2 rotate-me\"><\/div>\n\t\t\t<\/div>\n\t\t\t<div class=\"parallax-scene parallax-scene-3 parallax-icon\">\n\t\t\t\t<span data-depth=\"0.40\" class=\"parallax-layer icon icon-1\"><\/span>\n\t\t\t\t<span data-depth=\"0.50\" class=\"parallax-layer icon icon-2\"><\/span>\n\t\t\t\t<span data-depth=\"0.30\" class=\"parallax-layer icon icon-3\"><\/span>\n\t\t\t\t<span data-depth=\"0.40\" class=\"parallax-layer icon icon-4\"><\/span>\n\t\t\t\t<span data-depth=\"0.50\" class=\"parallax-layer icon icon-5\"><\/span>\n\t\t\t\t<span data-depth=\"0.30\" class=\"parallax-layer icon icon-6\"><\/span>\n\t\t\t\t<span data-depth=\"0.40\" class=\"parallax-layer icon icon-7\"><\/span>\n\t\t\t<\/div>\n\t\t\t<div class=\"container\">\n\t\t\t\t<div class=\"content-box\">\n\t\t\t\t\t<h3>Contacta amb nosaltres\n<\/h3>\n\t\t\t\t\t<h1 class=\"cta_section\">T'agradaria con\u00e8ixer l'aula idees del campus Terres de l'Ebre<\/h1>\n\t\t\t\t\t<div class=\"text\">Universitat Rovira I Virgili<\/div>\n\t\t\t\t\t<div class=\"btn-box\"><a href=\"https:\/\/pedagogia.fcep.urv.cat\/aulaidees\/index.php\/contact-us-4\/\" class=\"theme-btn\">Contacta'ns<\/a><\/div>\n\t\t\t\t<\/div>\n\t\t\t<\/div>\n\t\t<\/section> \n\t\t\t\t<\/div>\n\t\t\t\t<\/div>\n\t\t\t\t<div class=\"elementor-element elementor-element-dce32ca elementor-widget elementor-widget-gallery\" data-id=\"dce32ca\" data-element_type=\"widget\" data-widget_type=\"gallery.default\">\n\t\t\t\t<div class=\"elementor-widget-container\">\n\t\t\t\t\t<section class=\"gallery-section sec-pad centred\">\n\t\t\t<div class=\"container-fluid\">\n\t\t\t\t<div class=\"sec-title\">\n\t\t\t\t\t<h5>Galeria<\/h5>\n\t\t\t\t\t<h1 class=\"event\">Ens han visitat<\/h1>\n\t\t\t\t<\/div>\n\t\t\t\t<div class=\"gallery-carousel owl-carousel owl-theme\">\n\n\t\t\t\t\t\t\t\t\t\t\t<div class=\"gallery-block\">\n\t\t\t\t\t\t\t<div class=\"image-box\">\n\t\t\t\t\t\t\t\t<figure class=\"image\"><img decoding=\"async\" src=\"https:\/\/pedagogia.fcep.urv.cat\/aulaidees\/wp-content\/uploads\/2022\/03\/IMG_6259-scaled.jpg\" alt=\"\"><\/figure>\n\t\t\t\t\t\t\t\t<div class=\"overlay-box\"><a href=\"https:\/\/pedagogia.fcep.urv.cat\/aulaidees\/wp-content\/uploads\/2022\/03\/IMG_6259-scaled.jpg\" class=\"lightbox-image\" data-fancybox=\"gallery\"><i class=\"flaticon-add\"><\/i><\/a><\/div>\n\t\t\t\t\t\t\t<\/div>\n\t\t\t\t\t\t<\/div> \t\t\t\t\t\t<div class=\"gallery-block\">\n\t\t\t\t\t\t\t<div class=\"image-box\">\n\t\t\t\t\t\t\t\t<figure class=\"image\"><img decoding=\"async\" src=\"https:\/\/pedagogia.fcep.urv.cat\/aulaidees\/wp-content\/uploads\/2022\/03\/colesagradafamilia-scaled.jpg\" alt=\"\"><\/figure>\n\t\t\t\t\t\t\t\t<div class=\"overlay-box\"><a href=\"https:\/\/pedagogia.fcep.urv.cat\/aulaidees\/wp-content\/uploads\/2022\/03\/colesagradafamilia-scaled.jpg\" class=\"lightbox-image\" data-fancybox=\"gallery\"><i class=\"flaticon-add\"><\/i><\/a><\/div>\n\t\t\t\t\t\t\t<\/div>\n\t\t\t\t\t\t<\/div> \t\t\t\t\t\t<div class=\"gallery-block\">\n\t\t\t\t\t\t\t<div class=\"image-box\">\n\t\t\t\t\t\t\t\t<figure class=\"image\"><img decoding=\"async\" src=\"https:\/\/pedagogia.fcep.urv.cat\/aulaidees\/wp-content\/uploads\/2022\/03\/IMG_6265-scaled.jpg\" alt=\"\"><\/figure>\n\t\t\t\t\t\t\t\t<div class=\"overlay-box\"><a href=\"https:\/\/pedagogia.fcep.urv.cat\/aulaidees\/wp-content\/uploads\/2022\/03\/IMG_6265-scaled.jpg\" class=\"lightbox-image\" data-fancybox=\"gallery\"><i class=\"flaticon-add\"><\/i><\/a><\/div>\n\t\t\t\t\t\t\t<\/div>\n\t\t\t\t\t\t<\/div> \t\t\t\t\t\t<div class=\"gallery-block\">\n\t\t\t\t\t\t\t<div class=\"image-box\">\n\t\t\t\t\t\t\t\t<figure class=\"image\"><img decoding=\"async\" src=\"https:\/\/pedagogia.fcep.urv.cat\/aulaidees\/wp-content\/uploads\/2022\/03\/IMG_6277-scaled.jpg\" alt=\"\"><\/figure>\n\t\t\t\t\t\t\t\t<div class=\"overlay-box\"><a href=\"https:\/\/pedagogia.fcep.urv.cat\/aulaidees\/wp-content\/uploads\/2022\/03\/IMG_6277-scaled.jpg\" class=\"lightbox-image\" data-fancybox=\"gallery\"><i class=\"flaticon-add\"><\/i><\/a><\/div>\n\t\t\t\t\t\t\t<\/div>\n\t\t\t\t\t\t<\/div> \t\t\t\t\t\t<div class=\"gallery-block\">\n\t\t\t\t\t\t\t<div class=\"image-box\">\n\t\t\t\t\t\t\t\t<figure class=\"image\"><img decoding=\"async\" src=\"https:\/\/pedagogia.fcep.urv.cat\/aulaidees\/wp-content\/uploads\/2022\/03\/IMG_6253-scaled.jpg\" alt=\"\"><\/figure>\n\t\t\t\t\t\t\t\t<div class=\"overlay-box\"><a href=\"https:\/\/pedagogia.fcep.urv.cat\/aulaidees\/wp-content\/uploads\/2022\/03\/IMG_6253-scaled.jpg\" class=\"lightbox-image\" data-fancybox=\"gallery\"><i class=\"flaticon-add\"><\/i><\/a><\/div>\n\t\t\t\t\t\t\t<\/div>\n\t\t\t\t\t\t<\/div> \t\t\t\t\t\t<div class=\"gallery-block\">\n\t\t\t\t\t\t\t<div class=\"image-box\">\n\t\t\t\t\t\t\t\t<figure class=\"image\"><img decoding=\"async\" src=\"https:\/\/pedagogia.fcep.urv.cat\/aulaidees\/wp-content\/uploads\/2022\/03\/IMG_6264-scaled.jpg\" alt=\"\"><\/figure>\n\t\t\t\t\t\t\t\t<div class=\"overlay-box\"><a href=\"https:\/\/pedagogia.fcep.urv.cat\/aulaidees\/wp-content\/uploads\/2022\/03\/IMG_6264-scaled.jpg\" class=\"lightbox-image\" data-fancybox=\"gallery\"><i class=\"flaticon-add\"><\/i><\/a><\/div>\n\t\t\t\t\t\t\t<\/div>\n\t\t\t\t\t\t<\/div> \t\t\t\t\t\t<div class=\"gallery-block\">\n\t\t\t\t\t\t\t<div class=\"image-box\">\n\t\t\t\t\t\t\t\t<figure class=\"image\"><img decoding=\"async\" src=\"https:\/\/pedagogia.fcep.urv.cat\/aulaidees\/wp-content\/uploads\/2022\/03\/IMG_6268-scaled.jpg\" alt=\"\"><\/figure>\n\t\t\t\t\t\t\t\t<div class=\"overlay-box\"><a href=\"https:\/\/pedagogia.fcep.urv.cat\/aulaidees\/wp-content\/uploads\/2022\/03\/IMG_6268-scaled.jpg\" class=\"lightbox-image\" data-fancybox=\"gallery\"><i class=\"flaticon-add\"><\/i><\/a><\/div>\n\t\t\t\t\t\t\t<\/div>\n\t\t\t\t\t\t<\/div> \t\t\t\t\t\t<div class=\"gallery-block\">\n\t\t\t\t\t\t\t<div class=\"image-box\">\n\t\t\t\t\t\t\t\t<figure class=\"image\"><img decoding=\"async\" src=\"https:\/\/pedagogia.fcep.urv.cat\/aulaidees\/wp-content\/uploads\/2022\/03\/IMG_6272-scaled.jpg\" alt=\"\"><\/figure>\n\t\t\t\t\t\t\t\t<div class=\"overlay-box\"><a href=\"https:\/\/pedagogia.fcep.urv.cat\/aulaidees\/wp-content\/uploads\/2022\/03\/IMG_6272-scaled.jpg\" class=\"lightbox-image\" data-fancybox=\"gallery\"><i class=\"flaticon-add\"><\/i><\/a><\/div>\n\t\t\t\t\t\t\t<\/div>\n\t\t\t\t\t\t<\/div> \n\t\t\t\t<\/div>\n\t\t\t<\/div>\n\t\t<\/section>\n\t\t\t\t<\/div>\n\t\t\t\t<\/div>\n\t\t\t\t\t<\/div>\n\t\t<\/div>\n\t\t\t\t\t\t\t<\/div>\n\t\t<\/section>\n\t\t\t\t<section class=\"elementor-section elementor-top-section elementor-element elementor-element-341414d elementor-section-stretched elementor-section-full_width elementor-section-height-default elementor-section-height-default\" data-id=\"341414d\" data-element_type=\"section\" data-settings=\"{&quot;stretch_section&quot;:&quot;section-stretched&quot;}\">\n\t\t\t\t\t\t<div class=\"elementor-container elementor-column-gap-default\">\n\t\t\t\t\t<div class=\"elementor-column elementor-col-100 elementor-top-column elementor-element elementor-element-29271e9\" data-id=\"29271e9\" data-element_type=\"column\">\n\t\t\t<div class=\"elementor-widget-wrap\">\n\t\t\t\t\t\t\t\t\t<\/div>\n\t\t<\/div>\n\t\t\t\t\t\t\t<\/div>\n\t\t<\/section>\n\t\t\t\t<section class=\"elementor-section elementor-top-section elementor-element elementor-element-0aecfad elementor-section-full_width elementor-section-height-default elementor-section-height-default\" data-id=\"0aecfad\" data-element_type=\"section\">\n\t\t\t\t\t\t<div class=\"elementor-container elementor-column-gap-default\">\n\t\t\t\t\t<div class=\"elementor-column elementor-col-100 elementor-top-column elementor-element elementor-element-bd6e014\" data-id=\"bd6e014\" data-element_type=\"column\">\n\t\t\t<div class=\"elementor-widget-wrap\">\n\t\t\t\t\t\t\t\t\t<\/div>\n\t\t<\/div>\n\t\t\t\t\t\t\t<\/div>\n\t\t<\/section>\n\t\t\t\t\t\t\t<\/div>\n\t\t","protected":false},"excerpt":{"rendered":"<p>Us donem la benvinguda a L &#8216;Aula idees Reinvent [&hellip;]<\/p>\n","protected":false},"author":2,"featured_media":0,"parent":0,"menu_order":0,"comment_status":"closed","ping_status":"closed","template":"elementor_header_footer","meta":{"footnotes":""},"class_list":["post-8","page","type-page","status-publish","hentry"],"yoast_head":"<!-- This site is optimized with the Yoast SEO plugin v19.3 - https:\/\/yoast.com\/wordpress\/plugins\/seo\/ -->\n<title>Aula Idees - Reinvent the Classroom - URV<\/title>\n<meta name=\"description\" content=\"Us donem la benvinguda a L &#039;Aula idees Reinvent the Classroom Campus Terres de l&#039;Ebre Universitat Rovira i Virgili saber m\u00e9s Projecte RTC Aula interactiva\" \/>\n<meta name=\"robots\" content=\"index, follow, max-snippet:-1, max-image-preview:large, max-video-preview:-1\" \/>\n<link rel=\"canonical\" href=\"https:\/\/pedagogia.fcep.urv.cat\/aulaidees\/\" \/>\n<meta property=\"og:locale\" content=\"en_US\" \/>\n<meta property=\"og:type\" content=\"article\" \/>\n<meta property=\"og:title\" content=\"Aula Idees - Reinvent the Classroom - URV\" \/>\n<meta property=\"og:description\" content=\"Us donem la benvinguda a L &#039;Aula idees Reinvent the Classroom Campus Terres de l&#039;Ebre Universitat Rovira i Virgili saber m\u00e9s Projecte RTC Aula interactiva\" \/>\n<meta property=\"og:url\" content=\"https:\/\/pedagogia.fcep.urv.cat\/aulaidees\/\" \/>\n<meta property=\"og:site_name\" content=\"aulaidees\" \/>\n<meta property=\"article:modified_time\" content=\"2023-01-31T16:18:59+00:00\" \/>\n<meta property=\"og:image\" content=\"https:\/\/pedagogia.fcep.urv.cat\/aulaidees\/wp-content\/uploads\/2022\/03\/nens-virtual-e1646563472286.png\" \/>\n<meta name=\"twitter:card\" content=\"summary_large_image\" \/>\n<meta name=\"twitter:label1\" content=\"Est. reading time\" \/>\n\t<meta name=\"twitter:data1\" content=\"8 minutes\" \/>\n<script type=\"application\/ld+json\" class=\"yoast-schema-graph\">{\"@context\":\"https:\/\/schema.org\",\"@graph\":[{\"@type\":\"Organization\",\"@id\":\"https:\/\/pedagogia.fcep.urv.cat\/aulaidees\/#organization\",\"name\":\"Universitat Rovira i Virgili\",\"url\":\"https:\/\/pedagogia.fcep.urv.cat\/aulaidees\/\",\"sameAs\":[],\"logo\":{\"@type\":\"ImageObject\",\"inLanguage\":\"en-US\",\"@id\":\"https:\/\/pedagogia.fcep.urv.cat\/aulaidees\/#\/schema\/logo\/image\/\",\"url\":\"https:\/\/pedagogia.fcep.urv.cat\/aulaidees\/wp-content\/uploads\/2022\/03\/512-WEB-Grow-Ideas-Bombillas-opcion-color.png\",\"contentUrl\":\"https:\/\/pedagogia.fcep.urv.cat\/aulaidees\/wp-content\/uploads\/2022\/03\/512-WEB-Grow-Ideas-Bombillas-opcion-color.png\",\"width\":512,\"height\":512,\"caption\":\"Universitat Rovira i Virgili\"},\"image\":{\"@id\":\"https:\/\/pedagogia.fcep.urv.cat\/aulaidees\/#\/schema\/logo\/image\/\"}},{\"@type\":\"WebSite\",\"@id\":\"https:\/\/pedagogia.fcep.urv.cat\/aulaidees\/#website\",\"url\":\"https:\/\/pedagogia.fcep.urv.cat\/aulaidees\/\",\"name\":\"aulaidees\",\"description\":\"Reinvent the classroom\",\"publisher\":{\"@id\":\"https:\/\/pedagogia.fcep.urv.cat\/aulaidees\/#organization\"},\"potentialAction\":[{\"@type\":\"SearchAction\",\"target\":{\"@type\":\"EntryPoint\",\"urlTemplate\":\"https:\/\/pedagogia.fcep.urv.cat\/aulaidees\/?s={search_term_string}\"},\"query-input\":\"required name=search_term_string\"}],\"inLanguage\":\"en-US\"},{\"@type\":\"ImageObject\",\"inLanguage\":\"en-US\",\"@id\":\"https:\/\/pedagogia.fcep.urv.cat\/aulaidees\/#primaryimage\",\"url\":\"https:\/\/pedagogia.fcep.urv.cat\/aulaidees\/wp-content\/uploads\/2022\/03\/nens-virtual-e1646563472286.png\",\"contentUrl\":\"https:\/\/pedagogia.fcep.urv.cat\/aulaidees\/wp-content\/uploads\/2022\/03\/nens-virtual-e1646563472286.png\",\"width\":998,\"height\":1281},{\"@type\":\"WebPage\",\"@id\":\"https:\/\/pedagogia.fcep.urv.cat\/aulaidees\/\",\"url\":\"https:\/\/pedagogia.fcep.urv.cat\/aulaidees\/\",\"name\":\"Aula Idees - Reinvent the Classroom - URV\",\"isPartOf\":{\"@id\":\"https:\/\/pedagogia.fcep.urv.cat\/aulaidees\/#website\"},\"primaryImageOfPage\":{\"@id\":\"https:\/\/pedagogia.fcep.urv.cat\/aulaidees\/#primaryimage\"},\"datePublished\":\"2020-04-20T20:12:04+00:00\",\"dateModified\":\"2023-01-31T16:18:59+00:00\",\"description\":\"Us donem la benvinguda a L 'Aula idees Reinvent the Classroom Campus Terres de l'Ebre Universitat Rovira i Virgili saber m\u00e9s Projecte RTC Aula interactiva\",\"breadcrumb\":{\"@id\":\"https:\/\/pedagogia.fcep.urv.cat\/aulaidees\/#breadcrumb\"},\"inLanguage\":\"en-US\",\"potentialAction\":[{\"@type\":\"ReadAction\",\"target\":[\"https:\/\/pedagogia.fcep.urv.cat\/aulaidees\/\"]}]},{\"@type\":\"BreadcrumbList\",\"@id\":\"https:\/\/pedagogia.fcep.urv.cat\/aulaidees\/#breadcrumb\",\"itemListElement\":[{\"@type\":\"ListItem\",\"position\":1,\"name\":\"Home\",\"item\":\"https:\/\/pedagogia.fcep.urv.cat\/aulaidees\/\"},{\"@type\":\"ListItem\",\"position\":2,\"name\":\"Inici\"}]}]}<\/script>\n<!-- \/ Yoast SEO plugin. -->","yoast_head_json":{"title":"Aula Idees - Reinvent the Classroom - URV","description":"Us donem la benvinguda a L 'Aula idees Reinvent the Classroom Campus Terres de l'Ebre Universitat Rovira i Virgili saber m\u00e9s Projecte RTC Aula interactiva","robots":{"index":"index","follow":"follow","max-snippet":"max-snippet:-1","max-image-preview":"max-image-preview:large","max-video-preview":"max-video-preview:-1"},"canonical":"https:\/\/pedagogia.fcep.urv.cat\/aulaidees\/","og_locale":"en_US","og_type":"article","og_title":"Aula Idees - Reinvent the Classroom - URV","og_description":"Us donem la benvinguda a L 'Aula idees Reinvent the Classroom Campus Terres de l'Ebre Universitat Rovira i Virgili saber m\u00e9s Projecte RTC Aula interactiva","og_url":"https:\/\/pedagogia.fcep.urv.cat\/aulaidees\/","og_site_name":"aulaidees","article_modified_time":"2023-01-31T16:18:59+00:00","og_image":[{"url":"https:\/\/pedagogia.fcep.urv.cat\/aulaidees\/wp-content\/uploads\/2022\/03\/nens-virtual-e1646563472286.png"}],"twitter_card":"summary_large_image","twitter_misc":{"Est. reading time":"8 minutes"},"schema":{"@context":"https:\/\/schema.org","@graph":[{"@type":"Organization","@id":"https:\/\/pedagogia.fcep.urv.cat\/aulaidees\/#organization","name":"Universitat Rovira i Virgili","url":"https:\/\/pedagogia.fcep.urv.cat\/aulaidees\/","sameAs":[],"logo":{"@type":"ImageObject","inLanguage":"en-US","@id":"https:\/\/pedagogia.fcep.urv.cat\/aulaidees\/#\/schema\/logo\/image\/","url":"https:\/\/pedagogia.fcep.urv.cat\/aulaidees\/wp-content\/uploads\/2022\/03\/512-WEB-Grow-Ideas-Bombillas-opcion-color.png","contentUrl":"https:\/\/pedagogia.fcep.urv.cat\/aulaidees\/wp-content\/uploads\/2022\/03\/512-WEB-Grow-Ideas-Bombillas-opcion-color.png","width":512,"height":512,"caption":"Universitat Rovira i Virgili"},"image":{"@id":"https:\/\/pedagogia.fcep.urv.cat\/aulaidees\/#\/schema\/logo\/image\/"}},{"@type":"WebSite","@id":"https:\/\/pedagogia.fcep.urv.cat\/aulaidees\/#website","url":"https:\/\/pedagogia.fcep.urv.cat\/aulaidees\/","name":"aulaidees","description":"Reinvent the classroom","publisher":{"@id":"https:\/\/pedagogia.fcep.urv.cat\/aulaidees\/#organization"},"potentialAction":[{"@type":"SearchAction","target":{"@type":"EntryPoint","urlTemplate":"https:\/\/pedagogia.fcep.urv.cat\/aulaidees\/?s={search_term_string}"},"query-input":"required name=search_term_string"}],"inLanguage":"en-US"},{"@type":"ImageObject","inLanguage":"en-US","@id":"https:\/\/pedagogia.fcep.urv.cat\/aulaidees\/#primaryimage","url":"https:\/\/pedagogia.fcep.urv.cat\/aulaidees\/wp-content\/uploads\/2022\/03\/nens-virtual-e1646563472286.png","contentUrl":"https:\/\/pedagogia.fcep.urv.cat\/aulaidees\/wp-content\/uploads\/2022\/03\/nens-virtual-e1646563472286.png","width":998,"height":1281},{"@type":"WebPage","@id":"https:\/\/pedagogia.fcep.urv.cat\/aulaidees\/","url":"https:\/\/pedagogia.fcep.urv.cat\/aulaidees\/","name":"Aula Idees - Reinvent the Classroom - URV","isPartOf":{"@id":"https:\/\/pedagogia.fcep.urv.cat\/aulaidees\/#website"},"primaryImageOfPage":{"@id":"https:\/\/pedagogia.fcep.urv.cat\/aulaidees\/#primaryimage"},"datePublished":"2020-04-20T20:12:04+00:00","dateModified":"2023-01-31T16:18:59+00:00","description":"Us donem la benvinguda a L 'Aula idees Reinvent the Classroom Campus Terres de l'Ebre Universitat Rovira i Virgili saber m\u00e9s Projecte RTC Aula interactiva","breadcrumb":{"@id":"https:\/\/pedagogia.fcep.urv.cat\/aulaidees\/#breadcrumb"},"inLanguage":"en-US","potentialAction":[{"@type":"ReadAction","target":["https:\/\/pedagogia.fcep.urv.cat\/aulaidees\/"]}]},{"@type":"BreadcrumbList","@id":"https:\/\/pedagogia.fcep.urv.cat\/aulaidees\/#breadcrumb","itemListElement":[{"@type":"ListItem","position":1,"name":"Home","item":"https:\/\/pedagogia.fcep.urv.cat\/aulaidees\/"},{"@type":"ListItem","position":2,"name":"Inici"}]}]}},"_links":{"self":[{"href":"https:\/\/pedagogia.fcep.urv.cat\/aulaidees\/index.php\/wp-json\/wp\/v2\/pages\/8","targetHints":{"allow":["GET"]}}],"collection":[{"href":"https:\/\/pedagogia.fcep.urv.cat\/aulaidees\/index.php\/wp-json\/wp\/v2\/pages"}],"about":[{"href":"https:\/\/pedagogia.fcep.urv.cat\/aulaidees\/index.php\/wp-json\/wp\/v2\/types\/page"}],"author":[{"embeddable":true,"href":"https:\/\/pedagogia.fcep.urv.cat\/aulaidees\/index.php\/wp-json\/wp\/v2\/users\/2"}],"replies":[{"embeddable":true,"href":"https:\/\/pedagogia.fcep.urv.cat\/aulaidees\/index.php\/wp-json\/wp\/v2\/comments?post=8"}],"version-history":[{"count":237,"href":"https:\/\/pedagogia.fcep.urv.cat\/aulaidees\/index.php\/wp-json\/wp\/v2\/pages\/8\/revisions"}],"predecessor-version":[{"id":2090,"href":"https:\/\/pedagogia.fcep.urv.cat\/aulaidees\/index.php\/wp-json\/wp\/v2\/pages\/8\/revisions\/2090"}],"wp:attachment":[{"href":"https:\/\/pedagogia.fcep.urv.cat\/aulaidees\/index.php\/wp-json\/wp\/v2\/media?parent=8"}],"curies":[{"name":"wp","href":"https:\/\/api.w.org\/{rel}","templated":true}]}}