




{"id":951,"date":"2020-04-21T00:53:17","date_gmt":"2020-04-21T00:53:17","guid":{"rendered":"https:\/\/pedagogia.fcep.urv.cat\/aulaidees?page_id=278"},"modified":"2022-03-15T16:29:08","modified_gmt":"2022-03-15T16:29:08","slug":"sobre-laula-idees","status":"publish","type":"page","link":"https:\/\/pedagogia.fcep.urv.cat\/aulaidees\/index.php\/sobre-laula-idees\/","title":{"rendered":"L&#8217;Aula Idees"},"content":{"rendered":"\t\t<div data-elementor-type=\"wp-page\" data-elementor-id=\"951\" class=\"elementor elementor-951\">\n\t\t\t\t\t\t\t\t\t<section class=\"elementor-section elementor-top-section elementor-element elementor-element-e69aaf0 elementor-section-stretched elementor-section-full_width elementor-section-height-default elementor-section-height-default\" data-id=\"e69aaf0\" data-element_type=\"section\" data-settings=\"{&quot;stretch_section&quot;:&quot;section-stretched&quot;}\">\n\t\t\t\t\t\t<div class=\"elementor-container elementor-column-gap-default\">\n\t\t\t\t\t<div class=\"elementor-column elementor-col-100 elementor-top-column elementor-element elementor-element-52c312c\" data-id=\"52c312c\" data-element_type=\"column\">\n\t\t\t<div class=\"elementor-widget-wrap elementor-element-populated\">\n\t\t\t\t\t\t\t\t<div class=\"elementor-element elementor-element-888d327 elementor-widget elementor-widget-about_us_four\" data-id=\"888d327\" data-element_type=\"widget\" data-widget_type=\"about_us_four.default\">\n\t\t\t\t<div class=\"elementor-widget-container\">\n\t\t\t <section class=\"about-section style-two\">\n\t\t<div class=\"anim-icon\">\n\t\t\t<div class=\"icon icon-1 float-bob-x\"><\/div>\n\t\t\t<div class=\"icon icon-3\"><\/div>\n\t\t<\/div>\n\t\t<div class=\"container\">\n\t\t\t<div class=\"row\">\n\t\t\t\t<div class=\"col-lg-6 col-md-12 col-sm-12 content-column\">\n\t\t\t\t\t<div class=\"content-box\">\n\t\t\t\t\t\t<div class=\"sec-title style-two\">\n\t\t\t\t\t\t\t<h5>Coneix l'aula idees del campus Terres de l'Ebre de la URV\n<\/h5>\n\t\t\t\t\t\t\t<h1>Projecte Reinvent the Classroom\n<\/h1>\n\t\t\t\t\t\t<\/div>\n\t\t\t\t\t\t<div class=\"bold-text\">Els processos d\u2019ensenyament i aprenentatge en el m\u00f3n de l\u2019educaci\u00f3 requereixen propostes did\u00e0ctiques i metodol\u00f2giques adaptades a la societat actual.<\/div>\n\t\t\t\t\t\t<div class=\"text\">\n\t\t\t\t\t\t\t<p>Un dels elements importants que intervenen en aquest proc\u00e9s d\u2019innovaci\u00f3 fa referencia a la configuraci\u00f3 i organitzaci\u00f3 de l\u2019espai d\u2019aprenentatge.\n<\/br><\/br>\nLa finalitat del projecte Reinvent the classroom (RTC) \u00e9s la creaci\u00f3 d\u2019un entorn d\u2019aprenentatge innovador anomenat \u201cAula Idees\u201d. \u00c9s per aquesta ra\u00f3 per la que es proposa dissenyar, implementar i avaluar l\u2019organitzaci\u00f3 i estructura d\u2019un model d\u2019aula en el que s\u2019interactu\u00ef amb recursos relacionats amb les Tecnologies de l\u2019Aprenentatge i el Coneixement (TAC) perqu\u00e8 els usuaris d\u2019aquest espai adquireixin de manera eficient i satisfact\u00f2ria les capacitats o compet\u00e8ncies proposades.\n<\/br><\/br>\nUn dels principals trets de l\u2019espai \u00e9s la flexibilitat d\u2019organitzar diferents estructures d\u2019aula amb el mobiliari i d\u2019aquesta manera adaptar l\u2019aula a diferents metodologies de treball, implementant la interdisciplinarietat, el treball cooperatiu, la interacci\u00f3 de grup i la social adequades a les noves maneres d\u2019aprendre.\n<\/br><\/br>\nL\u2019objectiu general del projecte fa refer\u00e8ncia a capacitar als usuaris per utilitzar i aprofitar l\u2019aula i els seus recursos, com a dissenyadors d\u2019entorns d\u2019aprenentatge amb equipament tecnol\u00f2gic de qualitat utilitzant una distribuci\u00f3 flexible, i una metodologia activa i participativa.\n<\/br><\/br>\nEl m\u00f3n est\u00e0 canviant m\u00e9s r\u00e0pidament que mai, i \u00e9s per aquesta ra\u00f3 per la que s\u2019han de crear entorns d\u2019aprenentatge que empoderin als estudiants per ser aprenents independents i creatius, per preparar-se pel seu futur interactuant amb eines tecnol\u00f2gicament potents.\n<\/br><\/br>\nL\u2019Aula Idees esdev\u00e9 un espai on la tecnologia est\u00e0 integrada per donar resposta a les diferents activitats d\u2019aprenentatge i els usuaris utilitzaran recursos TAC i interactuaran amb ells en el marc de diferents sistemes d\u2019aprenentatge i estrat\u00e8gies pedag\u00f2giques que donin suport al di\u00e0leg dels usuaris sobre temes rellevants, a la reflexi\u00f3, a la innovaci\u00f3, a l\u2019autoformaci\u00f3 i la formaci\u00f3 permanent i continua, i a l\u2019autoorganitzaci\u00f3.\n<\/br><\/br>\nA l\u2019Aula Idees es dur a terme un model, anomenat TPACK, que identifica els tipus de coneixements que necessiten els usuaris de l\u2019aula per dominar les TAC de manera efica\u00e7. Aquest model resulta de la intersecci\u00f3 de tres tipus de coneixement: el contingut, el pedag\u00f2gic i el tecnol\u00f2gic; la seva combinaci\u00f3 i la seva integraci\u00f3 efica\u00e7.\n<\/br><\/br>\nSegons deia John Dewey \u201csi ensenyem a l\u2019alumnat d\u2019avui com enseny\u00e0vem ahir, els estem robant el futur\u201d, i \u00e9s per aquesta ra\u00f3 per la que a l\u2019Aula Idees el disseny, la tecnologia i la innovaci\u00f3 seran al servei de l\u2019aprenentatge.  \n<\/br><\/br>\nEls usuaris de l\u2019Aula Idees col\u00b7laboren i es reparteixen les tasques a fer, treballen de manera individual i col\u00b7lectiva, aprenen els uns dels altres combinant les intel\u00b7lig\u00e8ncies m\u00faltiples, es beneficien de les activitats acompanyades i relaxades, i dissenyen entorns, experi\u00e8ncies i traject\u00f2ries d\u2019aprenentatges, incorporant la realitat augmentada, 3D, immersiva amb simulacions.\n<\/br><\/br>\nA l\u2019Aula Idees la capacitat d\u2019atendre la diversitat dels usuaris augmenta, s\u2019atenen m\u00e9s f\u00e0cilment els diferents ritmes de desenvolupament i aprenentatge, i l\u2019entorn digital que es troba all\u00e0 ofereix recursos interactius afavorint les possibilitats d\u2019aprenentatge col\u00b7laboratiu i cooperatiu entre iguals, donant resposta a aspectes neurocient\u00edfics per aconseguir que el proc\u00e9s d\u2019ensenyament i aprenentatge esdevingui un \u00e8xit.\n<\/br><\/br>\nL\u2019Aula Idees est\u00e0 dissenyada perqu\u00e8 els usuaris puguin aconseguir els seus millors resultats ja que s\u2019ofereix l\u2019acc\u00e9s a un aprenentatge personalitzat i a la utilitzaci\u00f3 d\u2019unes eines tecnol\u00f2giques que afavoreixen la creativitat per crear experi\u00e8ncies d\u2019aprenentatge inclusives i personalitzades.\n<\/br><\/br>\nL\u2019Aula Idees \u00e9s un entorn innovador on la tecnologia, el mobiliari i l\u2019espai s\u00f3n al servei del proc\u00e9s d\u2019ensenyament i aprenentatge, dissenyat perqu\u00e8 els usuaris es puguin moure lliurement utilitzant eines tecnol\u00f2giques accessibles i col\u00b7laborin f\u00e0cilment per adquirir capacitats o compet\u00e8ncies. \n<\/br><\/br>\nA l\u2019Aula Idees es fomenta una educaci\u00f3 diferenciadora que promou el desenvolupament personal i professional, l\u2019aprenentatge significatiu i la influ\u00e8ncia dels espais d\u2019aprenentatge oberts que permeten la reflexi\u00f3, el debat i el desenvolupament de metodologies actives basades en les TAC i les habilitats comunicatives al servei de l\u2019educaci\u00f3 per obtenir la millor experi\u00e8ncia d\u2019ensenyament i aprenentatge.\n<\/br><\/br>\nPer proposar el disseny de l\u2019aula s\u2019han tingut en compte diferents referents. A nivell internacional s\u2019han proposat iniciatives com l\u2019OCDE (Innovative Learning Environments)  i European Schoolnet (Future Classroom Lab), organitzacions professionals com l\u2019A4LE (Association for Learning Environments), pol\u00edtiques governamentals com les de Nova Zelanda o Austr\u00e0lia, grups d\u2019investigaci\u00f3 com LEaRN o ILETC, xarxes escolars com Teach2One, estudis arquitect\u00f2nics com Fielding-Nair International, fabricants de mobiliari com Steelcase o Mirplay, i iniciatives com Horitz\u00f3 2020.\nA nivell universitari s\u2019han desenvolupat programes com TEAL (MIT), Scale-Up (North Carolina State University), Active Learning Classrooms (University of Minnesota) o Teaching and Learning Spaces (McGill University).\n\n\n\n<\/p>\n\t\t\t\t\t\t<\/div>\n\t\t\t\t\t\t<div class=\"btn-box\">\n\t\t\t\t\t\t\n\t\t\t\t\t<a href=\"\" target=\"_blank\" rel=\"nofollow\" class=\"theme-btn\">  <\/a>\t\t\t\t\t\t<\/div>\n\t\t\t\t\t<\/div>\n\t\t\t\t<\/div>\n\t\t\t\t<div class=\"col-lg-6 col-md-12 col-sm-12 image-column\">\n\t\t\t\t\t<div class=\"image-box wow fadeInRight animated\" data-wow-delay=\"0ms\" data-wow-duration=\"1500ms\" style=\"visibility: visible; animation-duration: 1500ms; animation-delay: 0ms; animation-name: fadeInRight;\">\n\t\t\t\t\t\t<figure class=\"image image-1\"><img decoding=\"async\" src=\"https:\/\/pedagogia.fcep.urv.cat\/aulaidees\/wp-content\/uploads\/2022\/03\/512-WEB-Grow-Ideas-Bombillas-opcion-color.png\" alt=\"\"><\/figure>\n\t\t\t\t\t\t<figure class=\"image image-2\"><img decoding=\"async\" src=\"\" alt=\"\"><\/figure>\n\t\t\t\t\t<\/div>\n\t\t\t\t<\/div>\n\t\t\t<\/div>\n\t\t<\/div>\n\t<\/section> \n\t\t\t\t<\/div>\n\t\t\t\t<\/div>\n\t\t\t\t\t<\/div>\n\t\t<\/div>\n\t\t\t\t\t\t\t<\/div>\n\t\t<\/section>\n\t\t\t\t<section class=\"elementor-section elementor-top-section elementor-element elementor-element-3e27902 elementor-section-stretched elementor-section-full_width elementor-section-height-default elementor-section-height-default\" data-id=\"3e27902\" data-element_type=\"section\" data-settings=\"{&quot;stretch_section&quot;:&quot;section-stretched&quot;,&quot;background_background&quot;:&quot;classic&quot;}\">\n\t\t\t\t\t\t<div class=\"elementor-container elementor-column-gap-default\">\n\t\t\t\t\t<div class=\"elementor-column elementor-col-100 elementor-top-column elementor-element elementor-element-a4e7be7\" data-id=\"a4e7be7\" data-element_type=\"column\">\n\t\t\t<div class=\"elementor-widget-wrap elementor-element-populated\">\n\t\t\t\t\t\t\t\t<section class=\"elementor-section elementor-inner-section elementor-element elementor-element-c5c25e9 elementor-section-boxed elementor-section-height-default elementor-section-height-default\" data-id=\"c5c25e9\" data-element_type=\"section\">\n\t\t\t\t\t\t<div class=\"elementor-container elementor-column-gap-default\">\n\t\t\t\t\t<article class=\"elementor-column elementor-col-50 elementor-inner-column elementor-element elementor-element-7f32640\" data-id=\"7f32640\" data-element_type=\"column\">\n\t\t\t<div class=\"elementor-widget-wrap elementor-element-populated\">\n\t\t\t\t\t\t\t\t<div class=\"elementor-element elementor-element-22c181b elementor-widget elementor-widget-useful_link\" data-id=\"22c181b\" data-element_type=\"widget\" data-widget_type=\"useful_link.default\">\n\t\t\t\t<div class=\"elementor-widget-container\">\n\t\t\t <div class=\"link-widget footer-widget\">\n\t\t\t<h3 class=\"widget-title\">L\u2019Aula Idees \u00e9s un espai innovador on es poden realitzar activitats d\u2019ensenyament aprenentatge adre\u00e7ades a l\u2019estudiantat dels graus d\u2019Educaci\u00f3 del campus i tamb\u00e9 als docents del territori<\/h3>\n\t\t\t<div class=\"widget-content\">\n\t\t\t\t<ul>\n\t\t\t\t\t\t\t\t\t\t\t <li><a href=\"\">L\u2019espai es distribueix en quatre zones diferenciades: pensar, dissenyar, construir i presentar<\/a><\/li> \t\t\t\t<\/ul>\n\t\t\t<\/div>\n\t\t<\/div> \n\t\t\t\t<\/div>\n\t\t\t\t<\/div>\n\t\t\t\t\t<\/div>\n\t\t<\/article>\n\t\t\t\t<div class=\"elementor-column elementor-col-50 elementor-inner-column elementor-element elementor-element-65f7ccd\" data-id=\"65f7ccd\" data-element_type=\"column\">\n\t\t\t<div class=\"elementor-widget-wrap elementor-element-populated\">\n\t\t\t\t\t\t\t\t<div class=\"elementor-element elementor-element-681c074 elementor-aspect-ratio-169 elementor-widget elementor-widget-video\" data-id=\"681c074\" data-element_type=\"widget\" data-settings=\"{&quot;youtube_url&quot;:&quot;https:\\\/\\\/www.youtube.com\\\/watch?v=opWSwNOiUcE&quot;,&quot;show_image_overlay&quot;:&quot;yes&quot;,&quot;image_overlay&quot;:{&quot;url&quot;:&quot;https:\\\/\\\/pedagogia.fcep.urv.cat\\\/aulaidees\\\/wp-content\\\/uploads\\\/2022\\\/03\\\/aula-idees-e1646561724266.png&quot;,&quot;id&quot;:1217,&quot;alt&quot;:&quot;&quot;,&quot;source&quot;:&quot;library&quot;},&quot;video_type&quot;:&quot;youtube&quot;,&quot;controls&quot;:&quot;yes&quot;,&quot;aspect_ratio&quot;:&quot;169&quot;}\" data-widget_type=\"video.default\">\n\t\t\t\t<div class=\"elementor-widget-container\">\n\t\t\t<style>\/*! elementor - v3.6.7 - 03-07-2022 *\/\n.elementor-widget-video .elementor-widget-container{overflow:hidden;-webkit-transform:translateZ(0);transform:translateZ(0)}.elementor-widget-video .elementor-open-inline .elementor-custom-embed-image-overlay{position:absolute;top:0;left:0;width:100%;height:100%;background-size:cover;background-position:50%}.elementor-widget-video .elementor-custom-embed-image-overlay{cursor:pointer;text-align:center}.elementor-widget-video .elementor-custom-embed-image-overlay:hover .elementor-custom-embed-play i{opacity:1}.elementor-widget-video .elementor-custom-embed-image-overlay img{display:block;width:100%}.elementor-widget-video .e-hosted-video .elementor-video{-o-object-fit:cover;object-fit:cover}<\/style>\t\t<div class=\"elementor-wrapper elementor-fit-aspect-ratio elementor-open-inline\">\n\t\t\t<div class=\"elementor-video\"><\/div>\t\t\t\t<div class=\"elementor-custom-embed-image-overlay\" style=\"background-image: url(https:\/\/pedagogia.fcep.urv.cat\/aulaidees\/wp-content\/uploads\/2022\/03\/aula-idees-e1646561724266.png);\">\n\t\t\t\t\t\t\t\t\t\t\t\t\t\t\t\t<div class=\"elementor-custom-embed-play\" role=\"button\" aria-label=\"Play Video\" tabindex=\"0\">\n\t\t\t\t\t\t\t<i aria-hidden=\"true\" class=\"eicon-play\"><\/i>\t\t\t\t\t\t\t<span class=\"elementor-screen-only\">Play Video<\/span>\n\t\t\t\t\t\t<\/div>\n\t\t\t\t\t\t\t\t\t<\/div>\n\t\t\t\t\t<\/div>\n\t\t\t\t<\/div>\n\t\t\t\t<\/div>\n\t\t\t\t\t<\/div>\n\t\t<\/div>\n\t\t\t\t\t\t\t<\/div>\n\t\t<\/section>\n\t\t\t\t\t<\/div>\n\t\t<\/div>\n\t\t\t\t\t\t\t<\/div>\n\t\t<\/section>\n\t\t\t\t<section class=\"elementor-section elementor-top-section elementor-element elementor-element-bd72f01 elementor-section-stretched elementor-section-full_width elementor-section-height-default elementor-section-height-default\" data-id=\"bd72f01\" data-element_type=\"section\" data-settings=\"{&quot;stretch_section&quot;:&quot;section-stretched&quot;}\">\n\t\t\t\t\t\t<div class=\"elementor-container elementor-column-gap-default\">\n\t\t\t\t\t<div class=\"elementor-column elementor-col-100 elementor-top-column elementor-element elementor-element-fd0dd08\" data-id=\"fd0dd08\" data-element_type=\"column\">\n\t\t\t<div class=\"elementor-widget-wrap elementor-element-populated\">\n\t\t\t\t\t\t\t\t<div class=\"elementor-element elementor-element-2c0b34d elementor-widget elementor-widget-page_classes_t\" data-id=\"2c0b34d\" data-element_type=\"widget\" data-widget_type=\"page_classes_t.default\">\n\t\t\t\t<div class=\"elementor-widget-container\">\n\t\t\t\n\t\t\n\n\n<section class=\"classes-section style-two sec-pad nbghfjhg\">\n\t\t<div class=\"parallax-scene parallax-scene-1 parallax-icon\">\n\t\t\t<span data-depth=\"0.40\" class=\"parallax-layer icon icon-1\"><\/span>\n\t\t\t<span data-depth=\"0.50\" class=\"parallax-layer icon icon-2\"><\/span>\n\t\t\t<span data-depth=\"0.30\" class=\"parallax-layer icon icon-3\"><\/span>\n\t\t\t<span data-depth=\"0.40\" class=\"parallax-layer icon icon-4\"><\/span>\n\t\t\t<span data-depth=\"0.50\" class=\"parallax-layer icon icon-5\"><\/span>\n\t\t\t<span data-depth=\"0.30\" class=\"parallax-layer icon icon-6\"><\/span>\n\t\t\t<span data-depth=\"0.40\" class=\"parallax-layer icon icon-7\"><\/span>\n\t\t<\/div>\n\t\t<div class=\"container\">\n\t\t\t<div class=\"sec-title centred\">\n\t\t\t\t<h5>propostes d'activitats<\/h5>\n\t\t\t\t<h1 class=\"classes_two\">Les propostes d\u2019utilitzaci\u00f3 de l'aula idees<\/h1>\n\t\t\t<\/div>\n\t\t\t<div class=\"row\">\n\t\t\t\t\t\t\t\t<div class=\"col-lg-4 col-md-6 col-sm-12 block-column\">\n\t\t\t\t\t<div class=\"inner-block wow fadeInUp\" data-wow-delay=\"0ms\" data-wow-duration=\"1500ms\">\n\t\t\t\t\t\t<figure class=\"image-box\"><a href=\"https:\/\/pedagogia.fcep.urv.cat\/aulaidees\/index.php\/educlass\/espai-professsorat\/\"><img decoding=\"async\" src=\"https:\/\/pedagogia.fcep.urv.cat\/aulaidees\/wp-content\/uploads\/2020\/04\/1G9A4090.jpg\" alt=\"\"><\/a><\/figure>\n\t\t\t\t\t\t<div class=\"lower-content\">\n\t\t\t\t\t\t\t<div class=\"link-btn\"><a href=\"https:\/\/pedagogia.fcep.urv.cat\/aulaidees\/index.php\/educlass\/espai-professsorat\/\"><i class=\"flaticon-next\"><\/i><\/a><\/div>\n\t\t\t\t\t\t\t<h3><a href=\"https:\/\/pedagogia.fcep.urv.cat\/aulaidees\/index.php\/educlass\/espai-professsorat\/\">Activitats per professorat i alumnat<\/a><\/h3>\n\t\t\t\t\t\t\t<div class=\"price\"><\/div>\n\t\t\t\t\t\t\t<ul class=\"info-box\">\n\t\t\t\t\t\t\t<li>Grau: <span>Educaci\u00f3 Infantil <\/span><\/li>\r\n <li>Grau: <span>Educaci\u00f3 Prim\u00e0ria<\/span><\/li>\r\n                               \t\t\t\t\t\t\t<\/ul>\n\t\t\t\t\t\t<\/div>\n\t\t\t\t\t<\/div>\n\t\t\t\t<\/div>\n\t\t\t\t\t\t\t\t\t<div class=\"col-lg-4 col-md-6 col-sm-12 block-column\">\n\t\t\t\t\t<div class=\"inner-block wow fadeInUp\" data-wow-delay=\"0ms\" data-wow-duration=\"1500ms\">\n\t\t\t\t\t\t<figure class=\"image-box\"><a href=\"https:\/\/pedagogia.fcep.urv.cat\/aulaidees\/index.php\/educlass\/activitats-centreseducatius\/\"><img decoding=\"async\" src=\"https:\/\/pedagogia.fcep.urv.cat\/aulaidees\/wp-content\/uploads\/2022\/03\/centres-educatiu-classes.jpg\" alt=\"\"><\/a><\/figure>\n\t\t\t\t\t\t<div class=\"lower-content\">\n\t\t\t\t\t\t\t<div class=\"link-btn\"><a href=\"https:\/\/pedagogia.fcep.urv.cat\/aulaidees\/index.php\/educlass\/activitats-centreseducatius\/\"><i class=\"flaticon-next\"><\/i><\/a><\/div>\n\t\t\t\t\t\t\t<h3><a href=\"https:\/\/pedagogia.fcep.urv.cat\/aulaidees\/index.php\/educlass\/activitats-centreseducatius\/\">Activitats per centres educatius<\/a><\/h3>\n\t\t\t\t\t\t\t<div class=\"price\"><\/div>\n\t\t\t\t\t\t\t<ul class=\"info-box\">\n\t\t\t\t\t\t\t <li>Grau: <span>Educaci\u00f3 Infantil<\/span><\/li>\r\n                                <li>Grau: <span>Educaci\u00f3 Prim\u00e0ria<\/span><\/li>\t\t\t\t\t\t\t<\/ul>\n\t\t\t\t\t\t<\/div>\n\t\t\t\t\t<\/div>\n\t\t\t\t<\/div>\n\t\t\t\t\t\t\t\t\t<div class=\"col-lg-4 col-md-6 col-sm-12 block-column\">\n\t\t\t\t\t<div class=\"inner-block wow fadeInUp\" data-wow-delay=\"0ms\" data-wow-duration=\"1500ms\">\n\t\t\t\t\t\t<figure class=\"image-box\"><a href=\"https:\/\/pedagogia.fcep.urv.cat\/aulaidees\/index.php\/educlass\/convenis-collaboracio\/\"><img decoding=\"async\" src=\"https:\/\/pedagogia.fcep.urv.cat\/aulaidees\/wp-content\/uploads\/2022\/03\/1G9A4125.jpg\" alt=\"\"><\/a><\/figure>\n\t\t\t\t\t\t<div class=\"lower-content\">\n\t\t\t\t\t\t\t<div class=\"link-btn\"><a href=\"https:\/\/pedagogia.fcep.urv.cat\/aulaidees\/index.php\/educlass\/convenis-collaboracio\/\"><i class=\"flaticon-next\"><\/i><\/a><\/div>\n\t\t\t\t\t\t\t<h3><a href=\"https:\/\/pedagogia.fcep.urv.cat\/aulaidees\/index.php\/educlass\/convenis-collaboracio\/\">Convenis amb professorat en actiu<\/a><\/h3>\n\t\t\t\t\t\t\t<div class=\"price\"><\/div>\n\t\t\t\t\t\t\t<ul class=\"info-box\">\n\t\t\t\t\t\t\t <li>Adre\u00e7at: <span>professorat dels centres educatius <\/span><\/li>\r\n                                \t\t\t\t\t\t\t<\/ul>\n\t\t\t\t\t\t<\/div>\n\t\t\t\t\t<\/div>\n\t\t\t\t<\/div>\n\t\t\t\t\t\t\t\t\t<div class=\"col-lg-4 col-md-6 col-sm-12 block-column\">\n\t\t\t\t\t<div class=\"inner-block wow fadeInUp\" data-wow-delay=\"0ms\" data-wow-duration=\"1500ms\">\n\t\t\t\t\t\t<figure class=\"image-box\"><a href=\"https:\/\/pedagogia.fcep.urv.cat\/aulaidees\/index.php\/educlass\/activitats-ice\/\"><img decoding=\"async\" src=\"https:\/\/pedagogia.fcep.urv.cat\/aulaidees\/wp-content\/uploads\/2022\/03\/1G9A4156.jpg\" alt=\"\"><\/a><\/figure>\n\t\t\t\t\t\t<div class=\"lower-content\">\n\t\t\t\t\t\t\t<div class=\"link-btn\"><a href=\"https:\/\/pedagogia.fcep.urv.cat\/aulaidees\/index.php\/educlass\/activitats-ice\/\"><i class=\"flaticon-next\"><\/i><\/a><\/div>\n\t\t\t\t\t\t\t<h3><a href=\"https:\/\/pedagogia.fcep.urv.cat\/aulaidees\/index.php\/educlass\/activitats-ice\/\">Activitats ICE de la URV<\/a><\/h3>\n\t\t\t\t\t\t\t<div class=\"price\"><\/div>\n\t\t\t\t\t\t\t<ul class=\"info-box\">\n\t\t\t\t\t\t\t <li>Adre\u00e7at: <span>Institut Ci\u00e8ncies de l'Educaci\u00f3<\/span><\/li>\r\n                                \t\t\t\t\t\t\t<\/ul>\n\t\t\t\t\t\t<\/div>\n\t\t\t\t\t<\/div>\n\t\t\t\t<\/div>\n\t\t\t\t\t\t\t\t\t<div class=\"col-lg-4 col-md-6 col-sm-12 block-column\">\n\t\t\t\t\t<div class=\"inner-block wow fadeInUp\" data-wow-delay=\"0ms\" data-wow-duration=\"1500ms\">\n\t\t\t\t\t\t<figure class=\"image-box\"><a href=\"https:\/\/pedagogia.fcep.urv.cat\/aulaidees\/index.php\/educlass\/conveni-institucions\/\"><img decoding=\"async\" src=\"https:\/\/pedagogia.fcep.urv.cat\/aulaidees\/wp-content\/uploads\/2022\/03\/1G9A3902.jpg\" alt=\"\"><\/a><\/figure>\n\t\t\t\t\t\t<div class=\"lower-content\">\n\t\t\t\t\t\t\t<div class=\"link-btn\"><a href=\"https:\/\/pedagogia.fcep.urv.cat\/aulaidees\/index.php\/educlass\/conveni-institucions\/\"><i class=\"flaticon-next\"><\/i><\/a><\/div>\n\t\t\t\t\t\t\t<h3><a href=\"https:\/\/pedagogia.fcep.urv.cat\/aulaidees\/index.php\/educlass\/conveni-institucions\/\">Convenis amb institucions<\/a><\/h3>\n\t\t\t\t\t\t\t<div class=\"price\"><\/div>\n\t\t\t\t\t\t\t<ul class=\"info-box\">\n\t\t\t\t\t\t\t <li>Adre\u00e7at: <span>Institucions publiques i privades<\/span><\/li>\r\n                              \t\t\t\t\t\t\t<\/ul>\n\t\t\t\t\t\t<\/div>\n\t\t\t\t\t<\/div>\n\t\t\t\t<\/div>\n\t\t\t\t\t\t\t\t\t<div class=\"col-lg-4 col-md-6 col-sm-12 block-column\">\n\t\t\t\t\t<div class=\"inner-block wow fadeInUp\" data-wow-delay=\"0ms\" data-wow-duration=\"1500ms\">\n\t\t\t\t\t\t<figure class=\"image-box\"><a href=\"https:\/\/pedagogia.fcep.urv.cat\/aulaidees\/index.php\/educlass\/convenis-universitats\/\"><img decoding=\"async\" src=\"https:\/\/pedagogia.fcep.urv.cat\/aulaidees\/wp-content\/uploads\/2020\/04\/ulleres-realitat.JPEG.jpeg\" alt=\"\"><\/a><\/figure>\n\t\t\t\t\t\t<div class=\"lower-content\">\n\t\t\t\t\t\t\t<div class=\"link-btn\"><a href=\"https:\/\/pedagogia.fcep.urv.cat\/aulaidees\/index.php\/educlass\/convenis-universitats\/\"><i class=\"flaticon-next\"><\/i><\/a><\/div>\n\t\t\t\t\t\t\t<h3><a href=\"https:\/\/pedagogia.fcep.urv.cat\/aulaidees\/index.php\/educlass\/convenis-universitats\/\">Convenis amb altres universitats<\/a><\/h3>\n\t\t\t\t\t\t\t<div class=\"price\"><\/div>\n\t\t\t\t\t\t\t<ul class=\"info-box\">\n\t\t\t\t\t\t\t <li>Adre\u00e7at: <span>altres universitats nacionals o internacionals<\/span><\/li>\r\n                       \t\t\t\t\t\t\t<\/ul>\n\t\t\t\t\t\t<\/div>\n\t\t\t\t\t<\/div>\n\t\t\t\t<\/div>\n\t\t\t\t\t\t\t\t<\/div>\n\t\t<\/div>\n\t<\/section>\n\n\n\n\n\t\n\t\t\t\t<\/div>\n\t\t\t\t<\/div>\n\t\t\t\t\t<\/div>\n\t\t<\/div>\n\t\t\t\t\t\t\t<\/div>\n\t\t<\/section>\n\t\t\t\t<section class=\"elementor-section elementor-top-section elementor-element elementor-element-1eacc77 elementor-section-stretched elementor-section-full_width elementor-section-height-default elementor-section-height-default\" data-id=\"1eacc77\" data-element_type=\"section\" data-settings=\"{&quot;stretch_section&quot;:&quot;section-stretched&quot;}\">\n\t\t\t\t\t\t<div class=\"elementor-container elementor-column-gap-default\">\n\t\t\t\t\t<div class=\"elementor-column elementor-col-100 elementor-top-column elementor-element elementor-element-7933a23\" data-id=\"7933a23\" data-element_type=\"column\">\n\t\t\t<div class=\"elementor-widget-wrap\">\n\t\t\t\t\t\t\t\t\t<\/div>\n\t\t<\/div>\n\t\t\t\t\t\t\t<\/div>\n\t\t<\/section>\n\t\t\t\t<section class=\"elementor-section elementor-top-section elementor-element elementor-element-9975b63 elementor-section-stretched elementor-section-full_width elementor-section-height-default elementor-section-height-default\" data-id=\"9975b63\" data-element_type=\"section\" data-settings=\"{&quot;stretch_section&quot;:&quot;section-stretched&quot;}\">\n\t\t\t\t\t\t<div class=\"elementor-container elementor-column-gap-default\">\n\t\t\t\t\t<div class=\"elementor-column elementor-col-100 elementor-top-column elementor-element elementor-element-50b0fae\" data-id=\"50b0fae\" data-element_type=\"column\">\n\t\t\t<div class=\"elementor-widget-wrap\">\n\t\t\t\t\t\t\t\t\t<\/div>\n\t\t<\/div>\n\t\t\t\t\t\t\t<\/div>\n\t\t<\/section>\n\t\t\t\t<section class=\"elementor-section elementor-top-section elementor-element elementor-element-2d56308 elementor-section-stretched elementor-section-full_width elementor-section-height-default elementor-section-height-default\" data-id=\"2d56308\" data-element_type=\"section\" data-settings=\"{&quot;stretch_section&quot;:&quot;section-stretched&quot;}\">\n\t\t\t\t\t\t<div class=\"elementor-container elementor-column-gap-default\">\n\t\t\t\t\t<div class=\"elementor-column elementor-col-100 elementor-top-column elementor-element elementor-element-62508d6\" data-id=\"62508d6\" data-element_type=\"column\">\n\t\t\t<div class=\"elementor-widget-wrap\">\n\t\t\t\t\t\t\t\t\t<\/div>\n\t\t<\/div>\n\t\t\t\t\t\t\t<\/div>\n\t\t<\/section>\n\t\t\t\t\t\t\t<\/div>\n\t\t","protected":false},"excerpt":{"rendered":"<p>Coneix l&#8217;aula idees del campus Terres de l&#8217;Ebre de [&hellip;]<\/p>\n","protected":false},"author":2,"featured_media":1594,"parent":0,"menu_order":0,"comment_status":"closed","ping_status":"closed","template":"elementor_header_footer","meta":{"footnotes":""},"class_list":["post-951","page","type-page","status-publish","has-post-thumbnail","hentry"],"yoast_head":"<!-- This site is optimized with the Yoast SEO plugin v19.3 - https:\/\/yoast.com\/wordpress\/plugins\/seo\/ -->\n<title>L&#039;Aula Idees - aulaidees<\/title>\n<meta name=\"description\" content=\"Coneix l&#039;aula idees del campus Terres de l&#039;Ebre de la URV Projecte Reinvent the Classroom Els processos d\u2019ensenyament i aprenentatge en el m\u00f3n de\" \/>\n<meta name=\"robots\" content=\"index, follow, max-snippet:-1, max-image-preview:large, max-video-preview:-1\" \/>\n<link rel=\"canonical\" href=\"https:\/\/pedagogia.fcep.urv.cat\/aulaidees\/index.php\/sobre-laula-idees\/\" \/>\n<meta property=\"og:locale\" content=\"en_US\" \/>\n<meta property=\"og:type\" content=\"article\" \/>\n<meta property=\"og:title\" content=\"L&#039;Aula Idees - aulaidees\" \/>\n<meta property=\"og:description\" content=\"Coneix l&#039;aula idees del campus Terres de l&#039;Ebre de la URV Projecte Reinvent the Classroom Els processos d\u2019ensenyament i aprenentatge en el m\u00f3n de\" \/>\n<meta property=\"og:url\" content=\"https:\/\/pedagogia.fcep.urv.cat\/aulaidees\/index.php\/sobre-laula-idees\/\" \/>\n<meta property=\"og:site_name\" content=\"aulaidees\" \/>\n<meta property=\"article:modified_time\" content=\"2022-03-15T16:29:08+00:00\" \/>\n<meta property=\"og:image\" content=\"https:\/\/pedagogia.fcep.urv.cat\/aulaidees\/wp-content\/uploads\/2022\/03\/IMG_6376-scaled-e1647360263395.jpg\" \/>\n\t<meta property=\"og:image:width\" content=\"2502\" \/>\n\t<meta property=\"og:image:height\" content=\"883\" \/>\n\t<meta property=\"og:image:type\" content=\"image\/jpeg\" \/>\n<meta name=\"twitter:card\" content=\"summary_large_image\" \/>\n<meta name=\"twitter:label1\" content=\"Est. reading time\" \/>\n\t<meta name=\"twitter:data1\" content=\"5 minutes\" \/>\n<script type=\"application\/ld+json\" class=\"yoast-schema-graph\">{\"@context\":\"https:\/\/schema.org\",\"@graph\":[{\"@type\":\"Organization\",\"@id\":\"https:\/\/pedagogia.fcep.urv.cat\/aulaidees\/#organization\",\"name\":\"Universitat Rovira i Virgili\",\"url\":\"https:\/\/pedagogia.fcep.urv.cat\/aulaidees\/\",\"sameAs\":[],\"logo\":{\"@type\":\"ImageObject\",\"inLanguage\":\"en-US\",\"@id\":\"https:\/\/pedagogia.fcep.urv.cat\/aulaidees\/#\/schema\/logo\/image\/\",\"url\":\"https:\/\/pedagogia.fcep.urv.cat\/aulaidees\/wp-content\/uploads\/2022\/03\/512-WEB-Grow-Ideas-Bombillas-opcion-color.png\",\"contentUrl\":\"https:\/\/pedagogia.fcep.urv.cat\/aulaidees\/wp-content\/uploads\/2022\/03\/512-WEB-Grow-Ideas-Bombillas-opcion-color.png\",\"width\":512,\"height\":512,\"caption\":\"Universitat Rovira i Virgili\"},\"image\":{\"@id\":\"https:\/\/pedagogia.fcep.urv.cat\/aulaidees\/#\/schema\/logo\/image\/\"}},{\"@type\":\"WebSite\",\"@id\":\"https:\/\/pedagogia.fcep.urv.cat\/aulaidees\/#website\",\"url\":\"https:\/\/pedagogia.fcep.urv.cat\/aulaidees\/\",\"name\":\"aulaidees\",\"description\":\"Reinvent the classroom\",\"publisher\":{\"@id\":\"https:\/\/pedagogia.fcep.urv.cat\/aulaidees\/#organization\"},\"potentialAction\":[{\"@type\":\"SearchAction\",\"target\":{\"@type\":\"EntryPoint\",\"urlTemplate\":\"https:\/\/pedagogia.fcep.urv.cat\/aulaidees\/?s={search_term_string}\"},\"query-input\":\"required name=search_term_string\"}],\"inLanguage\":\"en-US\"},{\"@type\":\"ImageObject\",\"inLanguage\":\"en-US\",\"@id\":\"https:\/\/pedagogia.fcep.urv.cat\/aulaidees\/index.php\/sobre-laula-idees\/#primaryimage\",\"url\":\"https:\/\/pedagogia.fcep.urv.cat\/aulaidees\/wp-content\/uploads\/2022\/03\/IMG_6376-scaled-e1647360263395.jpg\",\"contentUrl\":\"https:\/\/pedagogia.fcep.urv.cat\/aulaidees\/wp-content\/uploads\/2022\/03\/IMG_6376-scaled-e1647360263395.jpg\",\"width\":2502,\"height\":883},{\"@type\":\"WebPage\",\"@id\":\"https:\/\/pedagogia.fcep.urv.cat\/aulaidees\/index.php\/sobre-laula-idees\/\",\"url\":\"https:\/\/pedagogia.fcep.urv.cat\/aulaidees\/index.php\/sobre-laula-idees\/\",\"name\":\"L'Aula Idees - aulaidees\",\"isPartOf\":{\"@id\":\"https:\/\/pedagogia.fcep.urv.cat\/aulaidees\/#website\"},\"primaryImageOfPage\":{\"@id\":\"https:\/\/pedagogia.fcep.urv.cat\/aulaidees\/index.php\/sobre-laula-idees\/#primaryimage\"},\"datePublished\":\"2020-04-21T00:53:17+00:00\",\"dateModified\":\"2022-03-15T16:29:08+00:00\",\"description\":\"Coneix l'aula idees del campus Terres de l'Ebre de la URV Projecte Reinvent the Classroom Els processos d\u2019ensenyament i aprenentatge en el m\u00f3n de\",\"breadcrumb\":{\"@id\":\"https:\/\/pedagogia.fcep.urv.cat\/aulaidees\/index.php\/sobre-laula-idees\/#breadcrumb\"},\"inLanguage\":\"en-US\",\"potentialAction\":[{\"@type\":\"ReadAction\",\"target\":[\"https:\/\/pedagogia.fcep.urv.cat\/aulaidees\/index.php\/sobre-laula-idees\/\"]}]},{\"@type\":\"BreadcrumbList\",\"@id\":\"https:\/\/pedagogia.fcep.urv.cat\/aulaidees\/index.php\/sobre-laula-idees\/#breadcrumb\",\"itemListElement\":[{\"@type\":\"ListItem\",\"position\":1,\"name\":\"Home\",\"item\":\"https:\/\/pedagogia.fcep.urv.cat\/aulaidees\/\"},{\"@type\":\"ListItem\",\"position\":2,\"name\":\"L&#8217;Aula Idees\"}]}]}<\/script>\n<!-- \/ Yoast SEO plugin. -->","yoast_head_json":{"title":"L'Aula Idees - aulaidees","description":"Coneix l'aula idees del campus Terres de l'Ebre de la URV Projecte Reinvent the Classroom Els processos d\u2019ensenyament i aprenentatge en el m\u00f3n de","robots":{"index":"index","follow":"follow","max-snippet":"max-snippet:-1","max-image-preview":"max-image-preview:large","max-video-preview":"max-video-preview:-1"},"canonical":"https:\/\/pedagogia.fcep.urv.cat\/aulaidees\/index.php\/sobre-laula-idees\/","og_locale":"en_US","og_type":"article","og_title":"L'Aula Idees - aulaidees","og_description":"Coneix l'aula idees del campus Terres de l'Ebre de la URV Projecte Reinvent the Classroom Els processos d\u2019ensenyament i aprenentatge en el m\u00f3n de","og_url":"https:\/\/pedagogia.fcep.urv.cat\/aulaidees\/index.php\/sobre-laula-idees\/","og_site_name":"aulaidees","article_modified_time":"2022-03-15T16:29:08+00:00","og_image":[{"width":2502,"height":883,"url":"https:\/\/pedagogia.fcep.urv.cat\/aulaidees\/wp-content\/uploads\/2022\/03\/IMG_6376-scaled-e1647360263395.jpg","type":"image\/jpeg"}],"twitter_card":"summary_large_image","twitter_misc":{"Est. reading time":"5 minutes"},"schema":{"@context":"https:\/\/schema.org","@graph":[{"@type":"Organization","@id":"https:\/\/pedagogia.fcep.urv.cat\/aulaidees\/#organization","name":"Universitat Rovira i Virgili","url":"https:\/\/pedagogia.fcep.urv.cat\/aulaidees\/","sameAs":[],"logo":{"@type":"ImageObject","inLanguage":"en-US","@id":"https:\/\/pedagogia.fcep.urv.cat\/aulaidees\/#\/schema\/logo\/image\/","url":"https:\/\/pedagogia.fcep.urv.cat\/aulaidees\/wp-content\/uploads\/2022\/03\/512-WEB-Grow-Ideas-Bombillas-opcion-color.png","contentUrl":"https:\/\/pedagogia.fcep.urv.cat\/aulaidees\/wp-content\/uploads\/2022\/03\/512-WEB-Grow-Ideas-Bombillas-opcion-color.png","width":512,"height":512,"caption":"Universitat Rovira i Virgili"},"image":{"@id":"https:\/\/pedagogia.fcep.urv.cat\/aulaidees\/#\/schema\/logo\/image\/"}},{"@type":"WebSite","@id":"https:\/\/pedagogia.fcep.urv.cat\/aulaidees\/#website","url":"https:\/\/pedagogia.fcep.urv.cat\/aulaidees\/","name":"aulaidees","description":"Reinvent the classroom","publisher":{"@id":"https:\/\/pedagogia.fcep.urv.cat\/aulaidees\/#organization"},"potentialAction":[{"@type":"SearchAction","target":{"@type":"EntryPoint","urlTemplate":"https:\/\/pedagogia.fcep.urv.cat\/aulaidees\/?s={search_term_string}"},"query-input":"required name=search_term_string"}],"inLanguage":"en-US"},{"@type":"ImageObject","inLanguage":"en-US","@id":"https:\/\/pedagogia.fcep.urv.cat\/aulaidees\/index.php\/sobre-laula-idees\/#primaryimage","url":"https:\/\/pedagogia.fcep.urv.cat\/aulaidees\/wp-content\/uploads\/2022\/03\/IMG_6376-scaled-e1647360263395.jpg","contentUrl":"https:\/\/pedagogia.fcep.urv.cat\/aulaidees\/wp-content\/uploads\/2022\/03\/IMG_6376-scaled-e1647360263395.jpg","width":2502,"height":883},{"@type":"WebPage","@id":"https:\/\/pedagogia.fcep.urv.cat\/aulaidees\/index.php\/sobre-laula-idees\/","url":"https:\/\/pedagogia.fcep.urv.cat\/aulaidees\/index.php\/sobre-laula-idees\/","name":"L'Aula Idees - aulaidees","isPartOf":{"@id":"https:\/\/pedagogia.fcep.urv.cat\/aulaidees\/#website"},"primaryImageOfPage":{"@id":"https:\/\/pedagogia.fcep.urv.cat\/aulaidees\/index.php\/sobre-laula-idees\/#primaryimage"},"datePublished":"2020-04-21T00:53:17+00:00","dateModified":"2022-03-15T16:29:08+00:00","description":"Coneix l'aula idees del campus Terres de l'Ebre de la URV Projecte Reinvent the Classroom Els processos d\u2019ensenyament i aprenentatge en el m\u00f3n de","breadcrumb":{"@id":"https:\/\/pedagogia.fcep.urv.cat\/aulaidees\/index.php\/sobre-laula-idees\/#breadcrumb"},"inLanguage":"en-US","potentialAction":[{"@type":"ReadAction","target":["https:\/\/pedagogia.fcep.urv.cat\/aulaidees\/index.php\/sobre-laula-idees\/"]}]},{"@type":"BreadcrumbList","@id":"https:\/\/pedagogia.fcep.urv.cat\/aulaidees\/index.php\/sobre-laula-idees\/#breadcrumb","itemListElement":[{"@type":"ListItem","position":1,"name":"Home","item":"https:\/\/pedagogia.fcep.urv.cat\/aulaidees\/"},{"@type":"ListItem","position":2,"name":"L&#8217;Aula Idees"}]}]}},"_links":{"self":[{"href":"https:\/\/pedagogia.fcep.urv.cat\/aulaidees\/index.php\/wp-json\/wp\/v2\/pages\/951","targetHints":{"allow":["GET"]}}],"collection":[{"href":"https:\/\/pedagogia.fcep.urv.cat\/aulaidees\/index.php\/wp-json\/wp\/v2\/pages"}],"about":[{"href":"https:\/\/pedagogia.fcep.urv.cat\/aulaidees\/index.php\/wp-json\/wp\/v2\/types\/page"}],"author":[{"embeddable":true,"href":"https:\/\/pedagogia.fcep.urv.cat\/aulaidees\/index.php\/wp-json\/wp\/v2\/users\/2"}],"replies":[{"embeddable":true,"href":"https:\/\/pedagogia.fcep.urv.cat\/aulaidees\/index.php\/wp-json\/wp\/v2\/comments?post=951"}],"version-history":[{"count":57,"href":"https:\/\/pedagogia.fcep.urv.cat\/aulaidees\/index.php\/wp-json\/wp\/v2\/pages\/951\/revisions"}],"predecessor-version":[{"id":1629,"href":"https:\/\/pedagogia.fcep.urv.cat\/aulaidees\/index.php\/wp-json\/wp\/v2\/pages\/951\/revisions\/1629"}],"wp:featuredmedia":[{"embeddable":true,"href":"https:\/\/pedagogia.fcep.urv.cat\/aulaidees\/index.php\/wp-json\/wp\/v2\/media\/1594"}],"wp:attachment":[{"href":"https:\/\/pedagogia.fcep.urv.cat\/aulaidees\/index.php\/wp-json\/wp\/v2\/media?parent=951"}],"curies":[{"name":"wp","href":"https:\/\/api.w.org\/{rel}","templated":true}]}}